{"id":11255,"date":"2022-06-14T12:43:45","date_gmt":"2022-06-14T10:43:45","guid":{"rendered":"https:\/\/www.isblue.fr\/?post_type=cpt_evenements&#038;p=11255"},"modified":"2022-07-05T14:48:08","modified_gmt":"2022-07-05T12:48:08","slug":"atelier-arts-science-embarque-a-lile-de-batz-week-end-du-30-septembre-au-2-octobre-2022","status":"publish","type":"cpt_evenements","link":"https:\/\/isblue.fr\/en\/tous-les-evenements\/atelier-arts-science-embarque-a-lile-de-batz-week-end-du-30-septembre-au-2-octobre-2022\/","title":{"rendered":"Atelier Arts &#038; Science \u00ab\u00a0embarqu\u00e9\u00a0\u00bb \u00e0 l\u2019\u00eele de Batz \u2013 week-end du 30 septembre au 2 octobre 2022"},"content":{"rendered":"<div class=\"wp-block-image\">\n<figure class=\"aligncenter size-full is-resized\"><img decoding=\"async\" src=\"https:\/\/www.isblue.fr\/wp-content\/uploads\/2022\/06\/IMG_1523.jpeg\" alt=\"\" class=\"wp-image-11418\" width=\"867\" height=\"578\" srcset=\"https:\/\/isblue.fr\/wp-content\/uploads\/2022\/06\/IMG_1523.jpeg 1156w, https:\/\/isblue.fr\/wp-content\/uploads\/2022\/06\/IMG_1523-800x534.jpeg 800w, https:\/\/isblue.fr\/wp-content\/uploads\/2022\/06\/IMG_1523-768x512.jpeg 768w, https:\/\/isblue.fr\/wp-content\/uploads\/2022\/06\/IMG_1523-300x200.jpeg 300w\" sizes=\"(max-width: 867px) 100vw, 867px\" \/><figcaption>Cr\u00e9dit photo : S\u00e9bastien Durand &#8211; Teatr Piba 2021<\/figcaption><\/figure><\/div>\n\n\n<h2 class=\"wp-block-heading\">L\u2019Ifremer et le Teatr PIBA, en collaboration avec ISblue, organisent pour la seconde ann\u00e9e cons\u00e9cutive un atelier \u00ab Art &amp; Science \u00bb embarqu\u00e9 \u00e0 l\u2019\u00eele de Batz le temps d\u2019un long week-end ! <\/h2>\n\n\n\n<p>L\u2019atelier se d\u00e9roulera du vendredi 30 septembre au dimanche 2 octobre 2022. <\/p>\n\n\n\n<p>Cet atelier de 3 jours est ouvert \u00e0 tous les \u00e9tudiants de niveaux ing\u00e9nieur, master ou doctorat de la communaut\u00e9 ISblue (universit\u00e9s, organismes de recherche, \u00e9coles d\u2019ing\u00e9nieurs) autour d\u2019une th\u00e9matique commune : les \u00e9cosyst\u00e8mes marins profonds. <\/p>\n\n\n\n<p>Il vise \u00e0 sensibiliser les \u00e9tudiants aux enjeux de l\u2019exploitation des grands fonds tout en les incitant \u00e0 imaginer des solutions innovantes aux futurs d\u00e9fis scientifiques, l\u00e9gaux et soci\u00e9taux.<\/p>\n\n\n\n<p><strong>Une scientifique, cinq artistes et une vingtaine d\u2019\u00e9tudiants se rassembleront afin que leurs recherches, leurs savoir-faire et leurs exp\u00e9riences personnelles s&#8217;entrecroisent, s&#8217;interp\u00e9n\u00e8trent et \u00e9clairent d&#8217;une fa\u00e7on inattendue ces probl\u00e9matiques.<\/strong><\/p>\n\n\n\n<p>Des sessions d\u2019\u00e9criture, de jeu d\u2019acteur et de prise de son\/montage sonore permettront d\u2019illustrer les r\u00e9sultats de ces r\u00e9flexions et de confronter les id\u00e9es autour d\u2019un sujet science &amp; soci\u00e9t\u00e9. <\/p>\n\n\n\n<p>Grande nouveaut\u00e9 cette ann\u00e9e, un atelier culinaire est propos\u00e9, pour une exploration gustative et cr\u00e9ative des ressources naturelles de l\u2019\u00eele. Ces temps de vie en commun participeront pleinement \u00e0 l\u2019esprit de l\u2019atelier.<\/p>\n\n\n\n<p>Les frais relatifs \u00e0 la travers\u00e9e, \u00e0 l\u2019h\u00e9bergement \u00e0 l\u2019auberge de jeunesse de l\u2019\u00eele de Batz et tous les repas (sauf le dimanche midi) seront pris en charge.<\/p>\n\n\n\n<p><strong>Une participation de 60 euros sera demand\u00e9e aux \u00e9tudiants s\u00e9lectionn\u00e9s.<\/strong><\/p>\n\n\n\n<p>Si vous \u00eates sensibilis\u00e9 \u00e0 l\u2019int\u00e9r\u00eat de la transdisciplinarit\u00e9, si vous avez envie de communiquer et d\u2019\u00eatre curieux, cet atelier est pour vous !&nbsp;<\/p>\n\n\n\n<p>Pour postuler, c\u2019est simple : remplissez le formulaire et r\u00e9digez une lettre dans laquelle nous trouverons vos motivations profondes. <\/p>\n\n\n\n<p>La s\u00e9lection se fera \u00e0 l\u2019issue de l\u2019appel, mi-septembre, selon le nombre de postulants. Les \u00e9tudiants de Licence pourront \u00eatre accept\u00e9s si le nombre de postulants est insuffisant.<\/p>\n\n\n\n  <p class=\"wrap_zip_block-btn\">\n     <a class=\"zip_block-btn btn1\" href=\"https:\/\/forms.gle\/39sc9fk4zPxY6tzb9\" target=\"\">Formulaire de candidature<\/a>\n  <\/p>\n  \n\n\n<p>Pour plus d\u2019infos sur l\u2019atelier 2021 et la vid\u00e9o-r\u00e9sum\u00e9 du week-end \u00e0 Ouessant :<\/p>\n\n\n\n<figure class=\"wp-block-embed is-type-wp-embed is-provider-ecole-universitaire-de-recherche-en-sciences-amp-technologies-marines wp-block-embed-ecole-universitaire-de-recherche-en-sciences-amp-technologies-marines wp-embed-aspect-16-9 wp-has-aspect-ratio\"><div class=\"wp-block-embed__wrapper\">\nhttps:\/\/www.isblue.fr\/actualites\/ateliers\/arts-science-embarque-ouessant-22-24-octobre-2021\/ \n<\/div><\/figure>\n\n\n\n<h2 class=\"wp-block-heading\"><strong>D\u00e9roul\u00e9 des ateliers du week-end 30 septembre au 2 octobre 2022<\/strong><\/h2>\n\n\n\n<h3 class=\"wp-block-heading\"><strong>Vendredi 30 septembre<\/strong><\/h3>\n\n\n\n<ul><li>Embarquement pour l\u2019\u00eele de Batz vers midi<\/li><li>Accueil et prise en main des h\u00e9bergements<\/li><li>Pr\u00e9sentation de la probl\u00e9matique scientifique autour des \u00e9cosyst\u00e8mes marins profonds et questions associ\u00e9es par Joz\u00e9e Sarrazin &#8211; chercheure Ifremer &#8211; suivie d\u2019un d\u00e9bat\/\u00e9change.<\/li><li>Randonn\u00e9e brainstorming sur l\u2019\u00eele<\/li><li>Atelier \u00e9criture anim\u00e9 par Thomas Cloarec &#8211; directeur artistique Teatr PIBA &#8211;<\/li><li>Repas du soir et brainstorming<\/li><\/ul>\n\n\n\n<h3 class=\"wp-block-heading\"><strong>Samedi 1er octobre<\/strong><\/h3>\n\n\n\n<ul><li>Atelier jeu anim\u00e9 par Charlotte Heilmann &#8211; com\u00e9dienne Teatr PIBA &#8211;<\/li><li>Atelier \u00e9criture anim\u00e9 par Thomas Cloarec &#8211; directeur artistique Teatr PIBA &#8211;<\/li><li>Atelier cuisine anim\u00e9 par S\u00e9bastien Durand &#8211; cuisinier\/vid\u00e9aste Teatr PIBA &#8211;<\/li><li>Atelier prise de son et montage sonore anim\u00e9 par Gwenol\u00e9 Peaudecerf &#8211; ing\u00e9nieur son Teatr PIBA &#8211;<\/li><li>Cr\u00e9ation des groupes et randonn\u00e9e brainstorming<\/li><li>Repas du soir et brainstorming<\/li><\/ul>\n\n\n\n<h3 class=\"wp-block-heading\"><strong>Dimanche 2 octobre<\/strong><\/h3>\n\n\n\n<ul><li>Cr\u00e9ations et r\u00e9p\u00e9titions<\/li><li>R\u00e9p\u00e9tition g\u00e9n\u00e9rale et restitution<\/li><li>D\u00e9briefing bilan de l\u2019atelier<\/li><li>Rangement et embarquement vers 16H30<\/li><li>Retour sur terre<\/li><\/ul>\n","protected":false},"author":2,"featured_media":11418,"parent":0,"template":"","taxo_evenements":[64,16],"acf":[],"yoast_head":"<!-- This site is optimized with the Yoast SEO plugin v21.9 - https:\/\/yoast.com\/wordpress\/plugins\/seo\/ -->\n<title>Atelier Arts &amp; Science \u00ab\u00a0embarqu\u00e9\u00a0\u00bb \u00e0 l\u2019\u00eele de Batz \u2013 week-end du 30 septembre au 2 octobre 2022 - Ecole Universitaire de Recherche en sciences &amp; technologies marines<\/title>\n<meta name=\"robots\" content=\"index, follow, max-snippet:-1, max-image-preview:large, max-video-preview:-1\" \/>\n<link rel=\"canonical\" href=\"https:\/\/isblue.fr\/en\/tous-les-evenements\/atelier-arts-science-embarque-a-lile-de-batz-week-end-du-30-septembre-au-2-octobre-2022\/\" \/>\n<meta property=\"og:locale\" content=\"en_US\" \/>\n<meta property=\"og:type\" content=\"article\" \/>\n<meta property=\"og:title\" content=\"Atelier Arts &amp; Science \u00ab\u00a0embarqu\u00e9\u00a0\u00bb \u00e0 l\u2019\u00eele de Batz \u2013 week-end du 30 septembre au 2 octobre 2022 - Ecole Universitaire de Recherche en sciences &amp; technologies marines\" \/>\n<meta property=\"og:url\" content=\"https:\/\/isblue.fr\/en\/tous-les-evenements\/atelier-arts-science-embarque-a-lile-de-batz-week-end-du-30-septembre-au-2-octobre-2022\/\" \/>\n<meta property=\"og:site_name\" content=\"Ecole Universitaire de Recherche en sciences &amp; technologies marines\" \/>\n<meta property=\"article:modified_time\" content=\"2022-07-05T12:48:08+00:00\" \/>\n<meta property=\"og:image\" content=\"https:\/\/isblue.fr\/wp-content\/uploads\/2022\/06\/IMG_1523.jpeg\" \/>\n\t<meta property=\"og:image:width\" content=\"1156\" \/>\n\t<meta property=\"og:image:height\" content=\"771\" \/>\n\t<meta property=\"og:image:type\" content=\"image\/jpeg\" \/>\n<meta name=\"twitter:card\" content=\"summary_large_image\" \/>\n<meta name=\"twitter:label1\" content=\"Est. reading time\" \/>\n\t<meta name=\"twitter:data1\" content=\"3 minutes\" \/>\n<script type=\"application\/ld+json\" class=\"yoast-schema-graph\">{\"@context\":\"https:\/\/schema.org\",\"@graph\":[{\"@type\":\"WebPage\",\"@id\":\"https:\/\/isblue.fr\/en\/tous-les-evenements\/atelier-arts-science-embarque-a-lile-de-batz-week-end-du-30-septembre-au-2-octobre-2022\/\",\"url\":\"https:\/\/isblue.fr\/en\/tous-les-evenements\/atelier-arts-science-embarque-a-lile-de-batz-week-end-du-30-septembre-au-2-octobre-2022\/\",\"name\":\"Atelier Arts & Science \u00ab\u00a0embarqu\u00e9\u00a0\u00bb \u00e0 l\u2019\u00eele de Batz \u2013 week-end du 30 septembre au 2 octobre 2022 - Ecole Universitaire de Recherche en sciences &amp; technologies marines\",\"isPartOf\":{\"@id\":\"https:\/\/isblue.fr\/en\/#website\"},\"datePublished\":\"2022-06-14T10:43:45+00:00\",\"dateModified\":\"2022-07-05T12:48:08+00:00\",\"breadcrumb\":{\"@id\":\"https:\/\/isblue.fr\/en\/tous-les-evenements\/atelier-arts-science-embarque-a-lile-de-batz-week-end-du-30-septembre-au-2-octobre-2022\/#breadcrumb\"},\"inLanguage\":\"en-US\",\"potentialAction\":[{\"@type\":\"ReadAction\",\"target\":[\"https:\/\/isblue.fr\/en\/tous-les-evenements\/atelier-arts-science-embarque-a-lile-de-batz-week-end-du-30-septembre-au-2-octobre-2022\/\"]}]},{\"@type\":\"BreadcrumbList\",\"@id\":\"https:\/\/isblue.fr\/en\/tous-les-evenements\/atelier-arts-science-embarque-a-lile-de-batz-week-end-du-30-septembre-au-2-octobre-2022\/#breadcrumb\",\"itemListElement\":[{\"@type\":\"ListItem\",\"position\":1,\"name\":\"Home\",\"item\":\"https:\/\/isblue.fr\/en\/\"},{\"@type\":\"ListItem\",\"position\":2,\"name\":\"Events\",\"item\":\"https:\/\/isblue.fr\/en\/all-events\/\"},{\"@type\":\"ListItem\",\"position\":3,\"name\":\"Education\",\"item\":\"https:\/\/isblue.fr\/en\/event-types\/education\/\"},{\"@type\":\"ListItem\",\"position\":4,\"name\":\"Atelier Arts &#038; Science \u00ab\u00a0embarqu\u00e9\u00a0\u00bb \u00e0 l\u2019\u00eele de Batz \u2013 week-end du 30 septembre au 2 octobre 2022\"}]},{\"@type\":\"WebSite\",\"@id\":\"https:\/\/isblue.fr\/en\/#website\",\"url\":\"https:\/\/isblue.fr\/en\/\",\"name\":\"Ecole Universitaire de Recherche en sciences &amp; technologies marines\",\"description\":\"Ecole Universitaire de Recherche en sciences &amp; technologies marines\",\"publisher\":{\"@id\":\"https:\/\/isblue.fr\/en\/#organization\"},\"potentialAction\":[{\"@type\":\"SearchAction\",\"target\":{\"@type\":\"EntryPoint\",\"urlTemplate\":\"https:\/\/isblue.fr\/en\/?s={search_term_string}\"},\"query-input\":\"required name=search_term_string\"}],\"inLanguage\":\"en-US\"},{\"@type\":\"Organization\",\"@id\":\"https:\/\/isblue.fr\/en\/#organization\",\"name\":\"ISblue\",\"url\":\"https:\/\/isblue.fr\/en\/\",\"logo\":{\"@type\":\"ImageObject\",\"inLanguage\":\"en-US\",\"@id\":\"https:\/\/isblue.fr\/en\/#\/schema\/logo\/image\/\",\"url\":\"https:\/\/www.isblue.fr\/wp-content\/uploads\/2020\/11\/logo.png\",\"contentUrl\":\"https:\/\/www.isblue.fr\/wp-content\/uploads\/2020\/11\/logo.png\",\"width\":367,\"height\":49,\"caption\":\"ISblue\"},\"image\":{\"@id\":\"https:\/\/isblue.fr\/en\/#\/schema\/logo\/image\/\"}}]}<\/script>\n<!-- \/ Yoast SEO plugin. -->","yoast_head_json":{"title":"Atelier Arts & Science \u00ab\u00a0embarqu\u00e9\u00a0\u00bb \u00e0 l\u2019\u00eele de Batz \u2013 week-end du 30 septembre au 2 octobre 2022 - Ecole Universitaire de Recherche en sciences &amp; technologies marines","robots":{"index":"index","follow":"follow","max-snippet":"max-snippet:-1","max-image-preview":"max-image-preview:large","max-video-preview":"max-video-preview:-1"},"canonical":"https:\/\/isblue.fr\/en\/tous-les-evenements\/atelier-arts-science-embarque-a-lile-de-batz-week-end-du-30-septembre-au-2-octobre-2022\/","og_locale":"en_US","og_type":"article","og_title":"Atelier Arts & Science \u00ab\u00a0embarqu\u00e9\u00a0\u00bb \u00e0 l\u2019\u00eele de Batz \u2013 week-end du 30 septembre au 2 octobre 2022 - Ecole Universitaire de Recherche en sciences &amp; technologies marines","og_url":"https:\/\/isblue.fr\/en\/tous-les-evenements\/atelier-arts-science-embarque-a-lile-de-batz-week-end-du-30-septembre-au-2-octobre-2022\/","og_site_name":"Ecole Universitaire de Recherche en sciences &amp; technologies marines","article_modified_time":"2022-07-05T12:48:08+00:00","og_image":[{"width":1156,"height":771,"url":"https:\/\/isblue.fr\/wp-content\/uploads\/2022\/06\/IMG_1523.jpeg","type":"image\/jpeg"}],"twitter_card":"summary_large_image","twitter_misc":{"Est. reading time":"3 minutes"},"schema":{"@context":"https:\/\/schema.org","@graph":[{"@type":"WebPage","@id":"https:\/\/isblue.fr\/en\/tous-les-evenements\/atelier-arts-science-embarque-a-lile-de-batz-week-end-du-30-septembre-au-2-octobre-2022\/","url":"https:\/\/isblue.fr\/en\/tous-les-evenements\/atelier-arts-science-embarque-a-lile-de-batz-week-end-du-30-septembre-au-2-octobre-2022\/","name":"Atelier Arts & Science \u00ab\u00a0embarqu\u00e9\u00a0\u00bb \u00e0 l\u2019\u00eele de Batz \u2013 week-end du 30 septembre au 2 octobre 2022 - Ecole Universitaire de Recherche en sciences &amp; technologies marines","isPartOf":{"@id":"https:\/\/isblue.fr\/en\/#website"},"datePublished":"2022-06-14T10:43:45+00:00","dateModified":"2022-07-05T12:48:08+00:00","breadcrumb":{"@id":"https:\/\/isblue.fr\/en\/tous-les-evenements\/atelier-arts-science-embarque-a-lile-de-batz-week-end-du-30-septembre-au-2-octobre-2022\/#breadcrumb"},"inLanguage":"en-US","potentialAction":[{"@type":"ReadAction","target":["https:\/\/isblue.fr\/en\/tous-les-evenements\/atelier-arts-science-embarque-a-lile-de-batz-week-end-du-30-septembre-au-2-octobre-2022\/"]}]},{"@type":"BreadcrumbList","@id":"https:\/\/isblue.fr\/en\/tous-les-evenements\/atelier-arts-science-embarque-a-lile-de-batz-week-end-du-30-septembre-au-2-octobre-2022\/#breadcrumb","itemListElement":[{"@type":"ListItem","position":1,"name":"Home","item":"https:\/\/isblue.fr\/en\/"},{"@type":"ListItem","position":2,"name":"Events","item":"https:\/\/isblue.fr\/en\/all-events\/"},{"@type":"ListItem","position":3,"name":"Education","item":"https:\/\/isblue.fr\/en\/event-types\/education\/"},{"@type":"ListItem","position":4,"name":"Atelier Arts &#038; Science \u00ab\u00a0embarqu\u00e9\u00a0\u00bb \u00e0 l\u2019\u00eele de Batz \u2013 week-end du 30 septembre au 2 octobre 2022"}]},{"@type":"WebSite","@id":"https:\/\/isblue.fr\/en\/#website","url":"https:\/\/isblue.fr\/en\/","name":"Ecole Universitaire de Recherche en sciences &amp; technologies marines","description":"Ecole Universitaire de Recherche en sciences &amp; technologies marines","publisher":{"@id":"https:\/\/isblue.fr\/en\/#organization"},"potentialAction":[{"@type":"SearchAction","target":{"@type":"EntryPoint","urlTemplate":"https:\/\/isblue.fr\/en\/?s={search_term_string}"},"query-input":"required name=search_term_string"}],"inLanguage":"en-US"},{"@type":"Organization","@id":"https:\/\/isblue.fr\/en\/#organization","name":"ISblue","url":"https:\/\/isblue.fr\/en\/","logo":{"@type":"ImageObject","inLanguage":"en-US","@id":"https:\/\/isblue.fr\/en\/#\/schema\/logo\/image\/","url":"https:\/\/www.isblue.fr\/wp-content\/uploads\/2020\/11\/logo.png","contentUrl":"https:\/\/www.isblue.fr\/wp-content\/uploads\/2020\/11\/logo.png","width":367,"height":49,"caption":"ISblue"},"image":{"@id":"https:\/\/isblue.fr\/en\/#\/schema\/logo\/image\/"}}]}},"_links":{"self":[{"href":"https:\/\/isblue.fr\/en\/wp-json\/wp\/v2\/cpt_evenements\/11255"}],"collection":[{"href":"https:\/\/isblue.fr\/en\/wp-json\/wp\/v2\/cpt_evenements"}],"about":[{"href":"https:\/\/isblue.fr\/en\/wp-json\/wp\/v2\/types\/cpt_evenements"}],"author":[{"embeddable":true,"href":"https:\/\/isblue.fr\/en\/wp-json\/wp\/v2\/users\/2"}],"version-history":[{"count":3,"href":"https:\/\/isblue.fr\/en\/wp-json\/wp\/v2\/cpt_evenements\/11255\/revisions"}],"predecessor-version":[{"id":13059,"href":"https:\/\/isblue.fr\/en\/wp-json\/wp\/v2\/cpt_evenements\/11255\/revisions\/13059"}],"wp:featuredmedia":[{"embeddable":true,"href":"https:\/\/isblue.fr\/en\/wp-json\/wp\/v2\/media\/11418"}],"wp:attachment":[{"href":"https:\/\/isblue.fr\/en\/wp-json\/wp\/v2\/media?parent=11255"}],"wp:term":[{"taxonomy":"taxo_evenements","embeddable":true,"href":"https:\/\/isblue.fr\/en\/wp-json\/wp\/v2\/taxo_evenements?post=11255"}],"curies":[{"name":"wp","href":"https:\/\/api.w.org\/{rel}","templated":true}]}}