{"id":25996,"date":"2024-11-26T08:30:50","date_gmt":"2024-11-26T07:30:50","guid":{"rendered":"https:\/\/isblue.fr\/?post_type=cpt_evenements&#038;p=25996"},"modified":"2024-11-26T08:30:51","modified_gmt":"2024-11-26T07:30:51","slug":"conference-ethos-2-hercule-contre-promethee-une-approche-historique-et-philosophique-des-sciences-de-la-mer","status":"publish","type":"cpt_evenements","link":"https:\/\/isblue.fr\/en\/all-events\/conference-ethos-2-hercule-contre-promethee-une-approche-historique-et-philosophique-des-sciences-de-la-mer\/","title":{"rendered":"Conf\u00e9rence ETHOS #2 &#8211; Hercule contre Prom\u00e9th\u00e9e : une approche historique et philosophique des Sciences de la Mer"},"content":{"rendered":"\n<p>En r\u00e9f\u00e9rence \u00e0 l\u2019avis du COMETS de 2022 : <a href=\"https:\/\/comite-ethique.cnrs.fr\/avis-du-comets-integrer-les-enjeux-environnementaux-a-la-conduite-de-la-recherche-une-responsabilite-ethique\/\">Int\u00e9grer les enjeux environnementaux \u00e0 la conduite de la recherche \u2013 Une responsabilit\u00e9 \u00e9thique<\/a>, la direction de l&#8217;IUEM reconna\u00eet que la prise en compte de l\u2019environnement fait partie int\u00e9grante de l\u2019\u00e9thique de la recherche &#8211; au m\u00eame titre que le respect de la personne humaine ou de l\u2019animal d\u2019exp\u00e9rimentation &#8211; et affirme \u00e0 ce titre la responsabilit\u00e9 des acteurs et actrices de la recherche de penser leur activit\u00e9 au regard des enjeux environnementaux.<\/p>\n\n\n\n<p>Dans ce cadre, un cycle de conf\u00e9rences est organis\u00e9 sur l&#8217;ann\u00e9e 2024-2025 (avec le soutien d&#8217;ISblue). Des coll\u00e8gues de sciences humaines et sociales, de sciences politiques, d&#8217;\u00e9pist\u00e9mologie, sont invit\u00e9s pour nous aider \u00e0 questionner notre fa\u00e7on de produire du savoir, nos valeurs, nos normes, faire face \u00e0 certaines de nos contradictions et stimuler notre analyse r\u00e9flexive.<br><br>Cette d\u00e9marche se place en compl\u00e9ment des d\u00e9marches Labo1.5\/BGES des laboratoires et des actions port\u00e9es par le Comit\u00e9 DDRS local.<\/p>\n\n\n\n<p>La seconde conf\u00e9rence de notre cycle &#8216;Ethique environnementale de la recherche&#8217; se tiendra le <strong>mardi 10 D\u00e9cembre \u00e0 13h<\/strong>, par Herv\u00e9 Ferri\u00e8re<em>, Hercule contre Prom\u00e9th\u00e9e<\/em> : une approche historique et philosophique des Sciences de la Mer (TeleAmphi PNBI Plouzan\u00e9).<\/p>\n\n\n\n<p>Les recherches d&#8217;Herv\u00e9 Ferri\u00e8re, Ma\u00eetre de conf\u00e9rences en \u00c9pist\u00e9mologie \u00e0 l&#8217;UBO, portent sur l\u2019histoire des grandes th\u00e9ories en biologie (\u00e9volution des esp\u00e8ces et \u00e9cologie), sur l\u2019histoire environnementale (liens entre sant\u00e9 et \u00e9cosyst\u00e8me) et sur l\u2019histoire des savoirs sur la mer (son HDR portait sur l\u2019histoire des pollutions p\u00e9troli\u00e8res de 1859 \u00e0 1907). Herv\u00e9 animera une discussion (1h) autour de la question des valeurs du chercheur. Il sera question de mythologie, de conqu\u00eates coloniales et de grandes exp\u00e9ditions, l&#8217;objectif \u00e9tant de voir comment ce prisme historique peut nous aider \u00e0 repenser le m\u00e9tier de chercheur.<\/p>\n","protected":false},"author":40,"featured_media":0,"parent":0,"template":"","taxo_evenements":[],"acf":[],"yoast_head":"<!-- This site is optimized with the Yoast SEO plugin v21.9 - https:\/\/yoast.com\/wordpress\/plugins\/seo\/ -->\n<title>Conf\u00e9rence ETHOS #2 - Hercule contre Prom\u00e9th\u00e9e : une approche historique et philosophique des Sciences de la Mer - Ecole Universitaire de Recherche en sciences &amp; technologies marines<\/title>\n<meta name=\"robots\" content=\"index, follow, max-snippet:-1, max-image-preview:large, max-video-preview:-1\" \/>\n<link rel=\"canonical\" href=\"https:\/\/isblue.fr\/en\/all-events\/conference-ethos-2-hercule-contre-promethee-une-approche-historique-et-philosophique-des-sciences-de-la-mer\/\" \/>\n<meta property=\"og:locale\" content=\"en_US\" \/>\n<meta property=\"og:type\" content=\"article\" \/>\n<meta property=\"og:title\" content=\"Conf\u00e9rence ETHOS #2 - Hercule contre Prom\u00e9th\u00e9e : une approche historique et philosophique des Sciences de la Mer - Ecole Universitaire de Recherche en sciences &amp; technologies marines\" \/>\n<meta property=\"og:url\" content=\"https:\/\/isblue.fr\/en\/all-events\/conference-ethos-2-hercule-contre-promethee-une-approche-historique-et-philosophique-des-sciences-de-la-mer\/\" \/>\n<meta property=\"og:site_name\" content=\"Ecole Universitaire de Recherche en sciences &amp; technologies marines\" \/>\n<meta property=\"article:modified_time\" content=\"2024-11-26T07:30:51+00:00\" \/>\n<meta name=\"twitter:card\" content=\"summary_large_image\" \/>\n<meta name=\"twitter:label1\" content=\"Est. reading time\" \/>\n\t<meta name=\"twitter:data1\" content=\"2 minutes\" \/>\n<script type=\"application\/ld+json\" class=\"yoast-schema-graph\">{\"@context\":\"https:\/\/schema.org\",\"@graph\":[{\"@type\":\"WebPage\",\"@id\":\"https:\/\/isblue.fr\/en\/all-events\/conference-ethos-2-hercule-contre-promethee-une-approche-historique-et-philosophique-des-sciences-de-la-mer\/\",\"url\":\"https:\/\/isblue.fr\/en\/all-events\/conference-ethos-2-hercule-contre-promethee-une-approche-historique-et-philosophique-des-sciences-de-la-mer\/\",\"name\":\"Conf\u00e9rence ETHOS #2 - Hercule contre Prom\u00e9th\u00e9e : une approche historique et philosophique des Sciences de la Mer - Ecole Universitaire de Recherche en sciences &amp; technologies marines\",\"isPartOf\":{\"@id\":\"https:\/\/isblue.fr\/en\/#website\"},\"datePublished\":\"2024-11-26T07:30:50+00:00\",\"dateModified\":\"2024-11-26T07:30:51+00:00\",\"breadcrumb\":{\"@id\":\"https:\/\/isblue.fr\/en\/all-events\/conference-ethos-2-hercule-contre-promethee-une-approche-historique-et-philosophique-des-sciences-de-la-mer\/#breadcrumb\"},\"inLanguage\":\"en-US\",\"potentialAction\":[{\"@type\":\"ReadAction\",\"target\":[\"https:\/\/isblue.fr\/en\/all-events\/conference-ethos-2-hercule-contre-promethee-une-approche-historique-et-philosophique-des-sciences-de-la-mer\/\"]}]},{\"@type\":\"BreadcrumbList\",\"@id\":\"https:\/\/isblue.fr\/en\/all-events\/conference-ethos-2-hercule-contre-promethee-une-approche-historique-et-philosophique-des-sciences-de-la-mer\/#breadcrumb\",\"itemListElement\":[{\"@type\":\"ListItem\",\"position\":1,\"name\":\"Home\",\"item\":\"https:\/\/isblue.fr\/en\/\"},{\"@type\":\"ListItem\",\"position\":2,\"name\":\"Events\",\"item\":\"https:\/\/isblue.fr\/en\/all-events\/\"},{\"@type\":\"ListItem\",\"position\":3,\"name\":\"Conf\u00e9rence ETHOS #2 &#8211; Hercule contre Prom\u00e9th\u00e9e : une approche historique et philosophique des Sciences de la Mer\"}]},{\"@type\":\"WebSite\",\"@id\":\"https:\/\/isblue.fr\/en\/#website\",\"url\":\"https:\/\/isblue.fr\/en\/\",\"name\":\"Ecole Universitaire de Recherche en sciences &amp; technologies marines\",\"description\":\"Ecole Universitaire de Recherche en sciences &amp; technologies marines\",\"publisher\":{\"@id\":\"https:\/\/isblue.fr\/en\/#organization\"},\"potentialAction\":[{\"@type\":\"SearchAction\",\"target\":{\"@type\":\"EntryPoint\",\"urlTemplate\":\"https:\/\/isblue.fr\/en\/?s={search_term_string}\"},\"query-input\":\"required name=search_term_string\"}],\"inLanguage\":\"en-US\"},{\"@type\":\"Organization\",\"@id\":\"https:\/\/isblue.fr\/en\/#organization\",\"name\":\"ISblue\",\"url\":\"https:\/\/isblue.fr\/en\/\",\"logo\":{\"@type\":\"ImageObject\",\"inLanguage\":\"en-US\",\"@id\":\"https:\/\/isblue.fr\/en\/#\/schema\/logo\/image\/\",\"url\":\"https:\/\/www.isblue.fr\/wp-content\/uploads\/2020\/11\/logo.png\",\"contentUrl\":\"https:\/\/www.isblue.fr\/wp-content\/uploads\/2020\/11\/logo.png\",\"width\":367,\"height\":49,\"caption\":\"ISblue\"},\"image\":{\"@id\":\"https:\/\/isblue.fr\/en\/#\/schema\/logo\/image\/\"}}]}<\/script>\n<!-- \/ Yoast SEO plugin. -->","yoast_head_json":{"title":"Conf\u00e9rence ETHOS #2 - Hercule contre Prom\u00e9th\u00e9e : une approche historique et philosophique des Sciences de la Mer - Ecole Universitaire de Recherche en sciences &amp; technologies marines","robots":{"index":"index","follow":"follow","max-snippet":"max-snippet:-1","max-image-preview":"max-image-preview:large","max-video-preview":"max-video-preview:-1"},"canonical":"https:\/\/isblue.fr\/en\/all-events\/conference-ethos-2-hercule-contre-promethee-une-approche-historique-et-philosophique-des-sciences-de-la-mer\/","og_locale":"en_US","og_type":"article","og_title":"Conf\u00e9rence ETHOS #2 - Hercule contre Prom\u00e9th\u00e9e : une approche historique et philosophique des Sciences de la Mer - Ecole Universitaire de Recherche en sciences &amp; technologies marines","og_url":"https:\/\/isblue.fr\/en\/all-events\/conference-ethos-2-hercule-contre-promethee-une-approche-historique-et-philosophique-des-sciences-de-la-mer\/","og_site_name":"Ecole Universitaire de Recherche en sciences &amp; technologies marines","article_modified_time":"2024-11-26T07:30:51+00:00","twitter_card":"summary_large_image","twitter_misc":{"Est. reading time":"2 minutes"},"schema":{"@context":"https:\/\/schema.org","@graph":[{"@type":"WebPage","@id":"https:\/\/isblue.fr\/en\/all-events\/conference-ethos-2-hercule-contre-promethee-une-approche-historique-et-philosophique-des-sciences-de-la-mer\/","url":"https:\/\/isblue.fr\/en\/all-events\/conference-ethos-2-hercule-contre-promethee-une-approche-historique-et-philosophique-des-sciences-de-la-mer\/","name":"Conf\u00e9rence ETHOS #2 - Hercule contre Prom\u00e9th\u00e9e : une approche historique et philosophique des Sciences de la Mer - Ecole Universitaire de Recherche en sciences &amp; technologies marines","isPartOf":{"@id":"https:\/\/isblue.fr\/en\/#website"},"datePublished":"2024-11-26T07:30:50+00:00","dateModified":"2024-11-26T07:30:51+00:00","breadcrumb":{"@id":"https:\/\/isblue.fr\/en\/all-events\/conference-ethos-2-hercule-contre-promethee-une-approche-historique-et-philosophique-des-sciences-de-la-mer\/#breadcrumb"},"inLanguage":"en-US","potentialAction":[{"@type":"ReadAction","target":["https:\/\/isblue.fr\/en\/all-events\/conference-ethos-2-hercule-contre-promethee-une-approche-historique-et-philosophique-des-sciences-de-la-mer\/"]}]},{"@type":"BreadcrumbList","@id":"https:\/\/isblue.fr\/en\/all-events\/conference-ethos-2-hercule-contre-promethee-une-approche-historique-et-philosophique-des-sciences-de-la-mer\/#breadcrumb","itemListElement":[{"@type":"ListItem","position":1,"name":"Home","item":"https:\/\/isblue.fr\/en\/"},{"@type":"ListItem","position":2,"name":"Events","item":"https:\/\/isblue.fr\/en\/all-events\/"},{"@type":"ListItem","position":3,"name":"Conf\u00e9rence ETHOS #2 &#8211; Hercule contre Prom\u00e9th\u00e9e : une approche historique et philosophique des Sciences de la Mer"}]},{"@type":"WebSite","@id":"https:\/\/isblue.fr\/en\/#website","url":"https:\/\/isblue.fr\/en\/","name":"Ecole Universitaire de Recherche en sciences &amp; technologies marines","description":"Ecole Universitaire de Recherche en sciences &amp; technologies marines","publisher":{"@id":"https:\/\/isblue.fr\/en\/#organization"},"potentialAction":[{"@type":"SearchAction","target":{"@type":"EntryPoint","urlTemplate":"https:\/\/isblue.fr\/en\/?s={search_term_string}"},"query-input":"required name=search_term_string"}],"inLanguage":"en-US"},{"@type":"Organization","@id":"https:\/\/isblue.fr\/en\/#organization","name":"ISblue","url":"https:\/\/isblue.fr\/en\/","logo":{"@type":"ImageObject","inLanguage":"en-US","@id":"https:\/\/isblue.fr\/en\/#\/schema\/logo\/image\/","url":"https:\/\/www.isblue.fr\/wp-content\/uploads\/2020\/11\/logo.png","contentUrl":"https:\/\/www.isblue.fr\/wp-content\/uploads\/2020\/11\/logo.png","width":367,"height":49,"caption":"ISblue"},"image":{"@id":"https:\/\/isblue.fr\/en\/#\/schema\/logo\/image\/"}}]}},"_links":{"self":[{"href":"https:\/\/isblue.fr\/en\/wp-json\/wp\/v2\/cpt_evenements\/25996"}],"collection":[{"href":"https:\/\/isblue.fr\/en\/wp-json\/wp\/v2\/cpt_evenements"}],"about":[{"href":"https:\/\/isblue.fr\/en\/wp-json\/wp\/v2\/types\/cpt_evenements"}],"author":[{"embeddable":true,"href":"https:\/\/isblue.fr\/en\/wp-json\/wp\/v2\/users\/40"}],"version-history":[{"count":1,"href":"https:\/\/isblue.fr\/en\/wp-json\/wp\/v2\/cpt_evenements\/25996\/revisions"}],"predecessor-version":[{"id":25997,"href":"https:\/\/isblue.fr\/en\/wp-json\/wp\/v2\/cpt_evenements\/25996\/revisions\/25997"}],"wp:attachment":[{"href":"https:\/\/isblue.fr\/en\/wp-json\/wp\/v2\/media?parent=25996"}],"wp:term":[{"taxonomy":"taxo_evenements","embeddable":true,"href":"https:\/\/isblue.fr\/en\/wp-json\/wp\/v2\/taxo_evenements?post=25996"}],"curies":[{"name":"wp","href":"https:\/\/api.w.org\/{rel}","templated":true}]}}