{"id":28754,"date":"2025-09-19T11:15:45","date_gmt":"2025-09-19T09:15:45","guid":{"rendered":"https:\/\/isblue.fr\/?post_type=cpt_evenements&#038;p=28754"},"modified":"2025-10-27T09:22:30","modified_gmt":"2025-10-27T08:22:30","slug":"conference-ethos-10","status":"publish","type":"cpt_evenements","link":"https:\/\/isblue.fr\/en\/tous-les-evenements\/conference-ethos-10\/","title":{"rendered":"Conf\u00e9rence ETHOS #10 \u2013 Repenser l\u2019universit\u00e9 : le temps long du savoir face \u00e0 l\u2019urgence"},"content":{"rendered":"<div class=\"wp-block-image\">\n<figure class=\"aligncenter size-full is-resized\"><img decoding=\"async\" width=\"1024\" height=\"768\" src=\"https:\/\/isblue.fr\/wp-content\/uploads\/2025\/09\/ETHOS-92.jpg\" alt=\"\" class=\"wp-image-28802\" style=\"width:399px;height:auto\" srcset=\"https:\/\/isblue.fr\/wp-content\/uploads\/2025\/09\/ETHOS-92.jpg 1024w, https:\/\/isblue.fr\/wp-content\/uploads\/2025\/09\/ETHOS-92-800x600.jpg 800w, https:\/\/isblue.fr\/wp-content\/uploads\/2025\/09\/ETHOS-92-768x576.jpg 768w, https:\/\/isblue.fr\/wp-content\/uploads\/2025\/09\/ETHOS-92-300x225.jpg 300w\" sizes=\"(max-width: 1024px) 100vw, 1024px\" \/><\/figure><\/div>\n\n\n<p>En r\u00e9f\u00e9rence \u00e0 l\u2019avis du COMETS : <a href=\"https:\/\/comite-ethique.cnrs.fr\/avis-du-comets-integrer-les-enjeux-environnementaux-a-la-conduite-de-la-recherche-une-responsabilite-ethique\/\">Int\u00e9grer les enjeux environnementaux \u00e0 la conduite de la recherche \u2013 Une responsabilit\u00e9 \u00e9thique<\/a>, l\u2019IUEM reconna\u00eet que la prise en compte de l\u2019environnement fait partie int\u00e9grante de l\u2019\u00e9thique de la recherche \u2013 au m\u00eame titre que le respect de la personne humaine ou de l\u2019animal d\u2019exp\u00e9rimentation \u2013 et affirme la responsabilit\u00e9 des acteurices de la recherche de penser leur activit\u00e9 au regard des enjeux environnementaux et soci\u00e9taux.<\/p>\n\n\n\n<p>Dans ce cadre, des chercheureuses de sciences humaines et sociales, de sciences politiques, d\u2019\u00e9pist\u00e9mologie, sont invit\u00e9\u00b7es pour aider les coll\u00e8gues \u00e0 se questionner sur leur fa\u00e7on de produire du savoir, leurs valeurs, leurs normes, faire face \u00e0 certaines de leurs contradictions et stimuler leur analyse r\u00e9flexive.<\/p>\n\n\n\n<p>La 10\u00e8me conf\u00e9rence intitul\u00e9e \u00ab&nbsp;<em>Repenser l\u2019universit\u00e9 : le temps long du savoir face \u00e0 l\u2019urgence<\/em>&nbsp;\u00bb aura lieu le <strong>jeudi 4 d\u00e9cembre<\/strong> \u00e0 13H45 (Facult\u00e9 SHS Segalen, salle Yves Moraud B001) et sera tenue par Nicolas Le Merrer,&nbsp; Marion Pollaert et leurs collaborateurices.<\/p>\n\n\n\n<p><strong>Nicolas Le Merrer <\/strong>est ma\u00eetre de conf\u00e9rences en philosophie et responsable du d\u00e9partement de philosophie \u00e0 l&#8217;UBO, membre du laboratoire HCTI (UR 4249) <strong>Marion Pollaert<\/strong> est docteure en philosophie politique, rattach\u00e9e \u00e0 plusieurs \u00e9quipes de recherche : le laboratoire Savoirs, Textes, Langage \u00e0 Lille, le Centre Jean P\u00e9pin \u00e0 Paris (UMR 8230) et Ifilnova \u00e0 Lisbonne.&nbsp;<\/p>\n\n\n\n<p>Nicolas et Marion viennent de diriger la parution d&#8217;un ouvrage collectif <em>Urgence <\/em>(CNRS \u00e9ditions) : La d\u00e9cennie \u00e9coul\u00e9e fut marqu\u00e9e par la r\u00e9currence de diff\u00e9rents \u00ab \u00e9tats d\u2019urgence \u00bb. Cet usage r\u00e9p\u00e9t\u00e9, devenu mode de gouvernement, normalise l\u2019exception et renforce l\u2019ex\u00e9cutif, au d\u00e9triment du d\u00e9bat citoyen et de l\u2019action collective. \u00c0 l\u2019oppos\u00e9, dans le champ militant, la rh\u00e9torique de l\u2019urgence vise \u00e0 d\u00e9noncer l\u2019inaction des gouvernants et \u00e0 mobiliser. Or, non seulement ces appels \u00e0 l\u2019action sont souvent vains, mais comportent le risque surtout, en reprenant les sch\u00e8mes communicationnels du pouvoir, d\u2019en reconduire la logique autoritaire. <\/p>\n\n\n\n<p>Tous les deux, accompagn\u00e9s de certain\u00b7es des auteurices, dont <strong>Eug\u00e9nie M\u00e9rieau <\/strong>(politologue, ma\u00eetre de conf\u00e9rences en droit public au sein de l&#8217;Universit\u00e9 Paris 1), nous pr\u00e9senteront leur r\u00e9flexion sur la notion d&#8217;urgence, en se demandant en quoi une telle r\u00e9flexion exige de r\u00e9interroger en retour le temps long du savoir et, plus largement, les modalit\u00e9s m\u00eames de l\u2019enseignement et de la recherche \u00e0 l\u2019universit\u00e9. &nbsp;<\/p>\n\n\n\n<p><strong>Programme <\/strong><strong>:<\/strong><\/p>\n\n\n\n<ul>\n<li><strong>13h45-14h, <\/strong>Nicolas Le Merrer et Delphine Muths : introduction.<\/li>\n<\/ul>\n\n\n\n<hr class=\"wp-block-separator has-alpha-channel-opacity\"\/>\n\n\n\n<ul>\n<li><strong>14h-14h45<\/strong>, Marion Pollaert (docteure en philosophie, coll\u00e8ge international de philosophie) et Nicolas Le Merrer (MCF en philosophie, UBO).\u00a0<\/li>\n<\/ul>\n\n\n\n<p><em>Urgence<\/em>, CNRS \u00e9d. (Les Essentiels d\u2019Herm\u00e8s), 2025 : enjeux \u00e9pist\u00e9mologiques et politiques d\u2019un travail collectif.<\/p>\n\n\n\n<hr class=\"wp-block-separator has-alpha-channel-opacity\"\/>\n\n\n\n<ul>\n<li><strong>14h45-16h<\/strong>. Table-ronde 1.<\/li>\n<\/ul>\n\n\n\n<p>\u00ab En quoi penser depuis des situations d\u2019urgence appelle une r\u00e9flexion critique sur les modalit\u00e9s de la recherche ? \u00bb (mod\u00e9ration Philippe Ouvrard).<\/p>\n\n\n\n<p>&#8211; David Jousset, professeur de philosophie, UBO.<\/p>\n\n\n\n<p>&#8211; Sylvie Morel, MCF en sociologie de la sant\u00e9 (Universit\u00e9 de Nantes).<\/p>\n\n\n\n<p>&#8211; Jamal Abdel-Kader, psychiatre.<\/p>\n\n\n\n<p>&#8211; Patrice Poingt, enseignant agr\u00e9g\u00e9 en philosophie, responsable du DU d\u2019\u00e9thique m\u00e9dicale (UBO)<\/p>\n\n\n\n<hr class=\"wp-block-separator has-alpha-channel-opacity\"\/>\n\n\n\n<ul>\n<li><strong>16h30-17h45<\/strong>. Table-ronde 2.<\/li>\n<\/ul>\n\n\n\n<p>\u00ab D\u00e9construire, recr\u00e9er : comment la pens\u00e9e critique peut-elle contribuer \u00e0 un effort de transformation des imaginaires politiques et acad\u00e9miques ? \u00bb (mod\u00e9ration Marie-No\u00eblle Ribas, enseignante agr\u00e9g\u00e9e et docteure en philosophie).<\/p>\n\n\n\n<p>&#8211; Eug\u00e9nie M\u00e9rieau, MCF en droit public (Paris 1 Panth\u00e9on-Sorbonne).<\/p>\n\n\n\n<p>&#8211; Enzo Lesourt, docteur en philosophie politique (universit\u00e9 de Grenoble).<\/p>\n\n\n\n<p>&#8211; Nicolas Peduzzi, r\u00e9alisateur.<\/p>\n\n\n\n<hr class=\"wp-block-separator has-alpha-channel-opacity\"\/>\n\n\n\n<ul>\n<li><strong>18h-18h30<\/strong>. Eug\u00e9nie M\u00e9rieau (L\u2019\u00e9trang\u00e8re), session musicale.<\/li>\n<\/ul>\n\n\n\n  <p class=\"wrap_zip_block-btn\">\n     <a class=\"zip_block-btn btn1\" href=\"https:\/\/isblue.fr\/conferences-ethos-ethique-environnementale-de-la-recherche\/\" target=\"\">Plus d&#8217;informations sur le cycle ETHOS<\/a>\n  <\/p>\n  \n\n\n<p><\/p>\n","protected":false},"author":40,"featured_media":28802,"parent":0,"template":"","taxo_evenements":[],"acf":[],"yoast_head":"<!-- This site is optimized with the Yoast SEO plugin v21.9 - https:\/\/yoast.com\/wordpress\/plugins\/seo\/ -->\n<title>Conf\u00e9rence ETHOS #10 \u2013 Repenser l\u2019universit\u00e9 : le temps long du savoir face \u00e0 l\u2019urgence - Ecole Universitaire de Recherche en sciences &amp; technologies marines<\/title>\n<meta name=\"robots\" content=\"index, follow, max-snippet:-1, max-image-preview:large, max-video-preview:-1\" \/>\n<link rel=\"canonical\" href=\"https:\/\/isblue.fr\/en\/tous-les-evenements\/conference-ethos-10\/\" \/>\n<meta property=\"og:locale\" content=\"en_US\" \/>\n<meta property=\"og:type\" content=\"article\" \/>\n<meta property=\"og:title\" content=\"Conf\u00e9rence ETHOS #10 \u2013 Repenser l\u2019universit\u00e9 : le temps long du savoir face \u00e0 l\u2019urgence - Ecole Universitaire de Recherche en sciences &amp; technologies marines\" \/>\n<meta property=\"og:url\" content=\"https:\/\/isblue.fr\/en\/tous-les-evenements\/conference-ethos-10\/\" \/>\n<meta property=\"og:site_name\" content=\"Ecole Universitaire de Recherche en sciences &amp; technologies marines\" \/>\n<meta property=\"article:modified_time\" content=\"2025-10-27T08:22:30+00:00\" \/>\n<meta property=\"og:image\" content=\"https:\/\/isblue.fr\/wp-content\/uploads\/2025\/09\/ETHOS-92.jpg\" \/>\n\t<meta property=\"og:image:width\" content=\"1024\" \/>\n\t<meta property=\"og:image:height\" content=\"768\" \/>\n\t<meta property=\"og:image:type\" content=\"image\/jpeg\" \/>\n<meta name=\"twitter:card\" content=\"summary_large_image\" \/>\n<meta name=\"twitter:label1\" content=\"Est. reading time\" \/>\n\t<meta name=\"twitter:data1\" content=\"4 minutes\" \/>\n<script type=\"application\/ld+json\" class=\"yoast-schema-graph\">{\"@context\":\"https:\/\/schema.org\",\"@graph\":[{\"@type\":\"WebPage\",\"@id\":\"https:\/\/isblue.fr\/en\/tous-les-evenements\/conference-ethos-10\/\",\"url\":\"https:\/\/isblue.fr\/en\/tous-les-evenements\/conference-ethos-10\/\",\"name\":\"Conf\u00e9rence ETHOS #10 \u2013 Repenser l\u2019universit\u00e9 : le temps long du savoir face \u00e0 l\u2019urgence - Ecole Universitaire de Recherche en sciences &amp; technologies marines\",\"isPartOf\":{\"@id\":\"https:\/\/isblue.fr\/en\/#website\"},\"datePublished\":\"2025-09-19T09:15:45+00:00\",\"dateModified\":\"2025-10-27T08:22:30+00:00\",\"breadcrumb\":{\"@id\":\"https:\/\/isblue.fr\/en\/tous-les-evenements\/conference-ethos-10\/#breadcrumb\"},\"inLanguage\":\"en-US\",\"potentialAction\":[{\"@type\":\"ReadAction\",\"target\":[\"https:\/\/isblue.fr\/en\/tous-les-evenements\/conference-ethos-10\/\"]}]},{\"@type\":\"BreadcrumbList\",\"@id\":\"https:\/\/isblue.fr\/en\/tous-les-evenements\/conference-ethos-10\/#breadcrumb\",\"itemListElement\":[{\"@type\":\"ListItem\",\"position\":1,\"name\":\"Home\",\"item\":\"https:\/\/isblue.fr\/en\/\"},{\"@type\":\"ListItem\",\"position\":2,\"name\":\"Events\",\"item\":\"https:\/\/isblue.fr\/en\/all-events\/\"},{\"@type\":\"ListItem\",\"position\":3,\"name\":\"Conf\u00e9rence ETHOS #10 \u2013 Repenser l\u2019universit\u00e9 : le temps long du savoir face \u00e0 l\u2019urgence\"}]},{\"@type\":\"WebSite\",\"@id\":\"https:\/\/isblue.fr\/en\/#website\",\"url\":\"https:\/\/isblue.fr\/en\/\",\"name\":\"Ecole Universitaire de Recherche en sciences &amp; technologies marines\",\"description\":\"Ecole Universitaire de Recherche en sciences &amp; technologies marines\",\"publisher\":{\"@id\":\"https:\/\/isblue.fr\/en\/#organization\"},\"potentialAction\":[{\"@type\":\"SearchAction\",\"target\":{\"@type\":\"EntryPoint\",\"urlTemplate\":\"https:\/\/isblue.fr\/en\/?s={search_term_string}\"},\"query-input\":\"required name=search_term_string\"}],\"inLanguage\":\"en-US\"},{\"@type\":\"Organization\",\"@id\":\"https:\/\/isblue.fr\/en\/#organization\",\"name\":\"ISblue\",\"url\":\"https:\/\/isblue.fr\/en\/\",\"logo\":{\"@type\":\"ImageObject\",\"inLanguage\":\"en-US\",\"@id\":\"https:\/\/isblue.fr\/en\/#\/schema\/logo\/image\/\",\"url\":\"https:\/\/www.isblue.fr\/wp-content\/uploads\/2020\/11\/logo.png\",\"contentUrl\":\"https:\/\/www.isblue.fr\/wp-content\/uploads\/2020\/11\/logo.png\",\"width\":367,\"height\":49,\"caption\":\"ISblue\"},\"image\":{\"@id\":\"https:\/\/isblue.fr\/en\/#\/schema\/logo\/image\/\"}}]}<\/script>\n<!-- \/ Yoast SEO plugin. -->","yoast_head_json":{"title":"Conf\u00e9rence ETHOS #10 \u2013 Repenser l\u2019universit\u00e9 : le temps long du savoir face \u00e0 l\u2019urgence - Ecole Universitaire de Recherche en sciences &amp; technologies marines","robots":{"index":"index","follow":"follow","max-snippet":"max-snippet:-1","max-image-preview":"max-image-preview:large","max-video-preview":"max-video-preview:-1"},"canonical":"https:\/\/isblue.fr\/en\/tous-les-evenements\/conference-ethos-10\/","og_locale":"en_US","og_type":"article","og_title":"Conf\u00e9rence ETHOS #10 \u2013 Repenser l\u2019universit\u00e9 : le temps long du savoir face \u00e0 l\u2019urgence - Ecole Universitaire de Recherche en sciences &amp; technologies marines","og_url":"https:\/\/isblue.fr\/en\/tous-les-evenements\/conference-ethos-10\/","og_site_name":"Ecole Universitaire de Recherche en sciences &amp; technologies marines","article_modified_time":"2025-10-27T08:22:30+00:00","og_image":[{"width":1024,"height":768,"url":"https:\/\/isblue.fr\/wp-content\/uploads\/2025\/09\/ETHOS-92.jpg","type":"image\/jpeg"}],"twitter_card":"summary_large_image","twitter_misc":{"Est. reading time":"4 minutes"},"schema":{"@context":"https:\/\/schema.org","@graph":[{"@type":"WebPage","@id":"https:\/\/isblue.fr\/en\/tous-les-evenements\/conference-ethos-10\/","url":"https:\/\/isblue.fr\/en\/tous-les-evenements\/conference-ethos-10\/","name":"Conf\u00e9rence ETHOS #10 \u2013 Repenser l\u2019universit\u00e9 : le temps long du savoir face \u00e0 l\u2019urgence - Ecole Universitaire de Recherche en sciences &amp; technologies marines","isPartOf":{"@id":"https:\/\/isblue.fr\/en\/#website"},"datePublished":"2025-09-19T09:15:45+00:00","dateModified":"2025-10-27T08:22:30+00:00","breadcrumb":{"@id":"https:\/\/isblue.fr\/en\/tous-les-evenements\/conference-ethos-10\/#breadcrumb"},"inLanguage":"en-US","potentialAction":[{"@type":"ReadAction","target":["https:\/\/isblue.fr\/en\/tous-les-evenements\/conference-ethos-10\/"]}]},{"@type":"BreadcrumbList","@id":"https:\/\/isblue.fr\/en\/tous-les-evenements\/conference-ethos-10\/#breadcrumb","itemListElement":[{"@type":"ListItem","position":1,"name":"Home","item":"https:\/\/isblue.fr\/en\/"},{"@type":"ListItem","position":2,"name":"Events","item":"https:\/\/isblue.fr\/en\/all-events\/"},{"@type":"ListItem","position":3,"name":"Conf\u00e9rence ETHOS #10 \u2013 Repenser l\u2019universit\u00e9 : le temps long du savoir face \u00e0 l\u2019urgence"}]},{"@type":"WebSite","@id":"https:\/\/isblue.fr\/en\/#website","url":"https:\/\/isblue.fr\/en\/","name":"Ecole Universitaire de Recherche en sciences &amp; technologies marines","description":"Ecole Universitaire de Recherche en sciences &amp; technologies marines","publisher":{"@id":"https:\/\/isblue.fr\/en\/#organization"},"potentialAction":[{"@type":"SearchAction","target":{"@type":"EntryPoint","urlTemplate":"https:\/\/isblue.fr\/en\/?s={search_term_string}"},"query-input":"required name=search_term_string"}],"inLanguage":"en-US"},{"@type":"Organization","@id":"https:\/\/isblue.fr\/en\/#organization","name":"ISblue","url":"https:\/\/isblue.fr\/en\/","logo":{"@type":"ImageObject","inLanguage":"en-US","@id":"https:\/\/isblue.fr\/en\/#\/schema\/logo\/image\/","url":"https:\/\/www.isblue.fr\/wp-content\/uploads\/2020\/11\/logo.png","contentUrl":"https:\/\/www.isblue.fr\/wp-content\/uploads\/2020\/11\/logo.png","width":367,"height":49,"caption":"ISblue"},"image":{"@id":"https:\/\/isblue.fr\/en\/#\/schema\/logo\/image\/"}}]}},"_links":{"self":[{"href":"https:\/\/isblue.fr\/en\/wp-json\/wp\/v2\/cpt_evenements\/28754"}],"collection":[{"href":"https:\/\/isblue.fr\/en\/wp-json\/wp\/v2\/cpt_evenements"}],"about":[{"href":"https:\/\/isblue.fr\/en\/wp-json\/wp\/v2\/types\/cpt_evenements"}],"author":[{"embeddable":true,"href":"https:\/\/isblue.fr\/en\/wp-json\/wp\/v2\/users\/40"}],"version-history":[{"count":6,"href":"https:\/\/isblue.fr\/en\/wp-json\/wp\/v2\/cpt_evenements\/28754\/revisions"}],"predecessor-version":[{"id":31428,"href":"https:\/\/isblue.fr\/en\/wp-json\/wp\/v2\/cpt_evenements\/28754\/revisions\/31428"}],"wp:featuredmedia":[{"embeddable":true,"href":"https:\/\/isblue.fr\/en\/wp-json\/wp\/v2\/media\/28802"}],"wp:attachment":[{"href":"https:\/\/isblue.fr\/en\/wp-json\/wp\/v2\/media?parent=28754"}],"wp:term":[{"taxonomy":"taxo_evenements","embeddable":true,"href":"https:\/\/isblue.fr\/en\/wp-json\/wp\/v2\/taxo_evenements?post=28754"}],"curies":[{"name":"wp","href":"https:\/\/api.w.org\/{rel}","templated":true}]}}