{"id":6637,"date":"2022-04-06T14:32:49","date_gmt":"2022-04-06T12:32:49","guid":{"rendered":"https:\/\/www.isblue.fr\/?post_type=cpt_evenements&#038;p=6637"},"modified":"2023-03-02T14:02:01","modified_gmt":"2023-03-02T13:02:01","slug":"ecole-dete-salmo-skol-27juin-1er-juillet","status":"publish","type":"cpt_evenements","link":"https:\/\/isblue.fr\/en\/tous-les-evenements\/ecole-dete-salmo-skol-27juin-1er-juillet\/","title":{"rendered":"\u00c9cole d\u2019\u00e9t\u00e9 SALMO-Skol \u2013 27juin\/1er juillet"},"content":{"rendered":"\n<figure class=\"wp-block-image\"><img decoding=\"async\" src=\"https:\/\/www.isblue.fr\/wp-content\/uploads\/2022\/02\/logo_SSkol_1-800x790.jpg\" alt=\"\"\/><\/figure>\n\n\n\n<h2 class=\"wp-block-heading\"><strong>Du 27 juin au 1er juillet 2022, ISblue organise une \u00e9cole d\u2019\u00e9t\u00e9 \u00e0 destination des \u00e9tudiants \u00e0 la Maison de la Rivi\u00e8re et de la Biodiversit\u00e9 \u00e0 Sizun.<\/strong><\/h2>\n\n\n\n<p>Cette formation \u00ab&nbsp;les pieds dans l\u2019eau&nbsp;\u00bb, est intitul\u00e9e SALMO-Skol, pour <strong>S<\/strong>ciences <strong>A<\/strong>ppliqu\u00e9es aux \u00e9cosyst\u00e8mes <strong>L<\/strong>imniques, <strong>M<\/strong>aritimes et <strong>O<\/strong>c\u00e9aniques. Elle permettra de sensibiliser les \u00e9tudiants <strong>et toutes les personnes int\u00e9ress\u00e9es par cette formation<\/strong>, \u00e0 des probl\u00e8mes concrets : elle traitera de l\u2019adaptation des esp\u00e8ces aquatiques face aux changements climatiques et aux pressions anthropiques qui s\u2019imposent \u00e0 elles.<\/p>\n\n\n\n<p>Cette \u00e9cole d\u2019\u00e9t\u00e9 comprendra des interventions de diff\u00e9rents instituts de recherche (INRAe, CNRS, IFREMER, IUEM, IMT Atlantique), des associations locales et des collectivit\u00e9s territoriales et traitera des interactions entre les rivi\u00e8res et l\u2019oc\u00e9an, via l\u2019\u00e9tude du saumon.<\/p>\n\n\n\n<p>Au travers du mod\u00e8le biologique embl\u00e9matique et int\u00e9grateur qu\u2019est le saumon atlantique, cette \u00e9cole d\u2019\u00e9t\u00e9 aura pour but de sensibiliser nos futurs scientifiques tant aux enjeux des fleuves c\u00f4tiers bretons qu\u2019aux changements globaux \u00e0 l\u2019\u0153uvre.<\/p>\n\n\n\n<p>Cela passera par la r\u00e9colte de donn\u00e9es in situ ou par t\u00e9l\u00e9d\u00e9tection, le traitement informatique et math\u00e9matique des donn\u00e9es, la compr\u00e9hension des processus physiques et biologiques, la prise de d\u00e9cision pour une adaptation dans le futur.<\/p>\n\n\n\n<figure class=\"wp-block-image\"><img decoding=\"async\" width=\"1051\" height=\"550\" src=\"https:\/\/www.isblue.fr\/wp-content\/uploads\/2022\/02\/tableau-salmo-skol.png\" alt=\"\" class=\"wp-image-6039\" srcset=\"https:\/\/isblue.fr\/wp-content\/uploads\/2022\/02\/tableau-salmo-skol.png 1051w, https:\/\/isblue.fr\/wp-content\/uploads\/2022\/02\/tableau-salmo-skol-800x419.png 800w, https:\/\/isblue.fr\/wp-content\/uploads\/2022\/02\/tableau-salmo-skol-768x402.png 768w, https:\/\/isblue.fr\/wp-content\/uploads\/2022\/02\/tableau-salmo-skol-300x157.png 300w\" sizes=\"(max-width: 1051px) 100vw, 1051px\" \/><\/figure>\n\n\n\n<p>Les th\u00e8mes cit\u00e9s dans le tableau ci-dessus sont les suivants :<\/p>\n\n\n\n<ul>\n<li>Th\u00e8me 1 \u2013 Histoire du saumon et de l\u2019homme<\/li>\n\n\n\n<li>Th\u00e8me 2 \u2013 Cycle de vie et outils de suivi du saumon<\/li>\n\n\n\n<li>Th\u00e8me 3 \u2013 Fragilit\u00e9 des \u00e9cosyst\u00e8mes c\u00f4tiers sous influence humaine<\/li>\n\n\n\n<li>Th\u00e8me 4 \u2013 Traitement de donn\u00e9es li\u00e9es au saumon<\/li>\n\n\n\n<li>Th\u00e8me 5 \u2013 R\u00e9ponses du saumon aux changements climatiques<\/li>\n\n\n\n<li>Th\u00e8me 6 \u2013 Projections climatiques oc\u00e9anographiques et atmosph\u00e9riques<\/li>\n\n\n\n<li>Th\u00e8me 7 \u2013 Outils interventionnels d\u2019ing\u00e9nierie pour la restauration et la conservation des \u00e9cosyst\u00e8mes<\/li>\n<\/ul>\n\n\n\n<p><strong>L\u2019inscription est gratuite et donne acc\u00e8s \u00e0 la semaine de formation, \u00e0 un logement dans un g\u00eete, aux repas du midi et aux pauses caf\u00e9. 20 places sont disponibles. <strong><em>Cette formation est ouverte \u00e0 tous (\u00e9tudiants, enseignants, chercheurs&#8230;). <\/em><\/strong><\/strong><\/p>\n\n\n\n  <p class=\"wrap_zip_block-btn\">\n     <a class=\"zip_block-btn btn1\" href=\"https:\/\/forms.gle\/tvQJsyxeTEVWFwwN9\" target=\"\">Inscription &#8211; SALMO-Skol<\/a>\n  <\/p>\n  \n\n\n<p><strong>Ressources :<\/strong><br><a href=\"https:\/\/www.maison-de-la-riviere.com\/\">Maison de la Rivi\u00e8re et de la Biodiversit\u00e9<\/a> \u2013 Sizun<br><a href=\"https:\/\/www.isblue.fr\/categories-de-formations\/masters\/\">Formations du p\u00e9rim\u00e8tre ISblue<\/a><\/p>\n\n\n\n<p><strong>Contact :<\/strong> <a href=\"https:\/\/www.imt-atlantique.fr\/fr\/personne\/pierre-tandeo\">Pierre Tandeo, IMT Atlantique \/ Lab-Sticc<\/a><\/p>\n\n\n\n<p><\/p>\n","protected":false},"author":2,"featured_media":5924,"parent":0,"template":"","taxo_evenements":[64,44],"acf":[],"yoast_head":"<!-- This site is optimized with the Yoast SEO plugin v21.9 - https:\/\/yoast.com\/wordpress\/plugins\/seo\/ -->\n<title>\u00c9cole d\u2019\u00e9t\u00e9 SALMO-Skol \u2013 27juin\/1er juillet - Ecole Universitaire de Recherche en sciences &amp; technologies marines<\/title>\n<meta name=\"robots\" content=\"index, follow, max-snippet:-1, max-image-preview:large, max-video-preview:-1\" \/>\n<link rel=\"canonical\" href=\"https:\/\/isblue.fr\/en\/tous-les-evenements\/ecole-dete-salmo-skol-27juin-1er-juillet\/\" \/>\n<meta property=\"og:locale\" content=\"en_US\" \/>\n<meta property=\"og:type\" content=\"article\" \/>\n<meta property=\"og:title\" content=\"\u00c9cole d\u2019\u00e9t\u00e9 SALMO-Skol \u2013 27juin\/1er juillet - Ecole Universitaire de Recherche en sciences &amp; technologies marines\" \/>\n<meta property=\"og:url\" content=\"https:\/\/isblue.fr\/en\/tous-les-evenements\/ecole-dete-salmo-skol-27juin-1er-juillet\/\" \/>\n<meta property=\"og:site_name\" content=\"Ecole Universitaire de Recherche en sciences &amp; technologies marines\" \/>\n<meta property=\"article:modified_time\" content=\"2023-03-02T13:02:01+00:00\" \/>\n<meta property=\"og:image\" content=\"https:\/\/isblue.fr\/wp-content\/uploads\/2022\/02\/logo_SSkol_1.jpg\" \/>\n\t<meta property=\"og:image:width\" content=\"2000\" \/>\n\t<meta property=\"og:image:height\" content=\"1976\" \/>\n\t<meta property=\"og:image:type\" content=\"image\/jpeg\" \/>\n<meta name=\"twitter:card\" content=\"summary_large_image\" \/>\n<meta name=\"twitter:label1\" content=\"Est. reading time\" \/>\n\t<meta name=\"twitter:data1\" content=\"3 minutes\" \/>\n<script type=\"application\/ld+json\" class=\"yoast-schema-graph\">{\"@context\":\"https:\/\/schema.org\",\"@graph\":[{\"@type\":\"WebPage\",\"@id\":\"https:\/\/isblue.fr\/en\/tous-les-evenements\/ecole-dete-salmo-skol-27juin-1er-juillet\/\",\"url\":\"https:\/\/isblue.fr\/en\/tous-les-evenements\/ecole-dete-salmo-skol-27juin-1er-juillet\/\",\"name\":\"\u00c9cole d\u2019\u00e9t\u00e9 SALMO-Skol \u2013 27juin\/1er juillet - Ecole Universitaire de Recherche en sciences &amp; technologies marines\",\"isPartOf\":{\"@id\":\"https:\/\/isblue.fr\/en\/#website\"},\"datePublished\":\"2022-04-06T12:32:49+00:00\",\"dateModified\":\"2023-03-02T13:02:01+00:00\",\"breadcrumb\":{\"@id\":\"https:\/\/isblue.fr\/en\/tous-les-evenements\/ecole-dete-salmo-skol-27juin-1er-juillet\/#breadcrumb\"},\"inLanguage\":\"en-US\",\"potentialAction\":[{\"@type\":\"ReadAction\",\"target\":[\"https:\/\/isblue.fr\/en\/tous-les-evenements\/ecole-dete-salmo-skol-27juin-1er-juillet\/\"]}]},{\"@type\":\"BreadcrumbList\",\"@id\":\"https:\/\/isblue.fr\/en\/tous-les-evenements\/ecole-dete-salmo-skol-27juin-1er-juillet\/#breadcrumb\",\"itemListElement\":[{\"@type\":\"ListItem\",\"position\":1,\"name\":\"Home\",\"item\":\"https:\/\/isblue.fr\/en\/\"},{\"@type\":\"ListItem\",\"position\":2,\"name\":\"Events\",\"item\":\"https:\/\/isblue.fr\/en\/all-events\/\"},{\"@type\":\"ListItem\",\"position\":3,\"name\":\"Summer School\",\"item\":\"https:\/\/isblue.fr\/en\/event-types\/summer-school\/\"},{\"@type\":\"ListItem\",\"position\":4,\"name\":\"\u00c9cole d\u2019\u00e9t\u00e9 SALMO-Skol \u2013 27juin\/1er juillet\"}]},{\"@type\":\"WebSite\",\"@id\":\"https:\/\/isblue.fr\/en\/#website\",\"url\":\"https:\/\/isblue.fr\/en\/\",\"name\":\"Ecole Universitaire de Recherche en sciences &amp; technologies marines\",\"description\":\"Ecole Universitaire de Recherche en sciences &amp; technologies marines\",\"publisher\":{\"@id\":\"https:\/\/isblue.fr\/en\/#organization\"},\"potentialAction\":[{\"@type\":\"SearchAction\",\"target\":{\"@type\":\"EntryPoint\",\"urlTemplate\":\"https:\/\/isblue.fr\/en\/?s={search_term_string}\"},\"query-input\":\"required name=search_term_string\"}],\"inLanguage\":\"en-US\"},{\"@type\":\"Organization\",\"@id\":\"https:\/\/isblue.fr\/en\/#organization\",\"name\":\"ISblue\",\"url\":\"https:\/\/isblue.fr\/en\/\",\"logo\":{\"@type\":\"ImageObject\",\"inLanguage\":\"en-US\",\"@id\":\"https:\/\/isblue.fr\/en\/#\/schema\/logo\/image\/\",\"url\":\"https:\/\/www.isblue.fr\/wp-content\/uploads\/2020\/11\/logo.png\",\"contentUrl\":\"https:\/\/www.isblue.fr\/wp-content\/uploads\/2020\/11\/logo.png\",\"width\":367,\"height\":49,\"caption\":\"ISblue\"},\"image\":{\"@id\":\"https:\/\/isblue.fr\/en\/#\/schema\/logo\/image\/\"}}]}<\/script>\n<!-- \/ Yoast SEO plugin. -->","yoast_head_json":{"title":"\u00c9cole d\u2019\u00e9t\u00e9 SALMO-Skol \u2013 27juin\/1er juillet - Ecole Universitaire de Recherche en sciences &amp; technologies marines","robots":{"index":"index","follow":"follow","max-snippet":"max-snippet:-1","max-image-preview":"max-image-preview:large","max-video-preview":"max-video-preview:-1"},"canonical":"https:\/\/isblue.fr\/en\/tous-les-evenements\/ecole-dete-salmo-skol-27juin-1er-juillet\/","og_locale":"en_US","og_type":"article","og_title":"\u00c9cole d\u2019\u00e9t\u00e9 SALMO-Skol \u2013 27juin\/1er juillet - Ecole Universitaire de Recherche en sciences &amp; technologies marines","og_url":"https:\/\/isblue.fr\/en\/tous-les-evenements\/ecole-dete-salmo-skol-27juin-1er-juillet\/","og_site_name":"Ecole Universitaire de Recherche en sciences &amp; technologies marines","article_modified_time":"2023-03-02T13:02:01+00:00","og_image":[{"width":2000,"height":1976,"url":"https:\/\/isblue.fr\/wp-content\/uploads\/2022\/02\/logo_SSkol_1.jpg","type":"image\/jpeg"}],"twitter_card":"summary_large_image","twitter_misc":{"Est. reading time":"3 minutes"},"schema":{"@context":"https:\/\/schema.org","@graph":[{"@type":"WebPage","@id":"https:\/\/isblue.fr\/en\/tous-les-evenements\/ecole-dete-salmo-skol-27juin-1er-juillet\/","url":"https:\/\/isblue.fr\/en\/tous-les-evenements\/ecole-dete-salmo-skol-27juin-1er-juillet\/","name":"\u00c9cole d\u2019\u00e9t\u00e9 SALMO-Skol \u2013 27juin\/1er juillet - Ecole Universitaire de Recherche en sciences &amp; technologies marines","isPartOf":{"@id":"https:\/\/isblue.fr\/en\/#website"},"datePublished":"2022-04-06T12:32:49+00:00","dateModified":"2023-03-02T13:02:01+00:00","breadcrumb":{"@id":"https:\/\/isblue.fr\/en\/tous-les-evenements\/ecole-dete-salmo-skol-27juin-1er-juillet\/#breadcrumb"},"inLanguage":"en-US","potentialAction":[{"@type":"ReadAction","target":["https:\/\/isblue.fr\/en\/tous-les-evenements\/ecole-dete-salmo-skol-27juin-1er-juillet\/"]}]},{"@type":"BreadcrumbList","@id":"https:\/\/isblue.fr\/en\/tous-les-evenements\/ecole-dete-salmo-skol-27juin-1er-juillet\/#breadcrumb","itemListElement":[{"@type":"ListItem","position":1,"name":"Home","item":"https:\/\/isblue.fr\/en\/"},{"@type":"ListItem","position":2,"name":"Events","item":"https:\/\/isblue.fr\/en\/all-events\/"},{"@type":"ListItem","position":3,"name":"Summer School","item":"https:\/\/isblue.fr\/en\/event-types\/summer-school\/"},{"@type":"ListItem","position":4,"name":"\u00c9cole d\u2019\u00e9t\u00e9 SALMO-Skol \u2013 27juin\/1er juillet"}]},{"@type":"WebSite","@id":"https:\/\/isblue.fr\/en\/#website","url":"https:\/\/isblue.fr\/en\/","name":"Ecole Universitaire de Recherche en sciences &amp; technologies marines","description":"Ecole Universitaire de Recherche en sciences &amp; technologies marines","publisher":{"@id":"https:\/\/isblue.fr\/en\/#organization"},"potentialAction":[{"@type":"SearchAction","target":{"@type":"EntryPoint","urlTemplate":"https:\/\/isblue.fr\/en\/?s={search_term_string}"},"query-input":"required name=search_term_string"}],"inLanguage":"en-US"},{"@type":"Organization","@id":"https:\/\/isblue.fr\/en\/#organization","name":"ISblue","url":"https:\/\/isblue.fr\/en\/","logo":{"@type":"ImageObject","inLanguage":"en-US","@id":"https:\/\/isblue.fr\/en\/#\/schema\/logo\/image\/","url":"https:\/\/www.isblue.fr\/wp-content\/uploads\/2020\/11\/logo.png","contentUrl":"https:\/\/www.isblue.fr\/wp-content\/uploads\/2020\/11\/logo.png","width":367,"height":49,"caption":"ISblue"},"image":{"@id":"https:\/\/isblue.fr\/en\/#\/schema\/logo\/image\/"}}]}},"_links":{"self":[{"href":"https:\/\/isblue.fr\/en\/wp-json\/wp\/v2\/cpt_evenements\/6637"}],"collection":[{"href":"https:\/\/isblue.fr\/en\/wp-json\/wp\/v2\/cpt_evenements"}],"about":[{"href":"https:\/\/isblue.fr\/en\/wp-json\/wp\/v2\/types\/cpt_evenements"}],"author":[{"embeddable":true,"href":"https:\/\/isblue.fr\/en\/wp-json\/wp\/v2\/users\/2"}],"version-history":[{"count":3,"href":"https:\/\/isblue.fr\/en\/wp-json\/wp\/v2\/cpt_evenements\/6637\/revisions"}],"predecessor-version":[{"id":14832,"href":"https:\/\/isblue.fr\/en\/wp-json\/wp\/v2\/cpt_evenements\/6637\/revisions\/14832"}],"wp:featuredmedia":[{"embeddable":true,"href":"https:\/\/isblue.fr\/en\/wp-json\/wp\/v2\/media\/5924"}],"wp:attachment":[{"href":"https:\/\/isblue.fr\/en\/wp-json\/wp\/v2\/media?parent=6637"}],"wp:term":[{"taxonomy":"taxo_evenements","embeddable":true,"href":"https:\/\/isblue.fr\/en\/wp-json\/wp\/v2\/taxo_evenements?post=6637"}],"curies":[{"name":"wp","href":"https:\/\/api.w.org\/{rel}","templated":true}]}}