{"id":8540,"date":"2022-05-06T11:58:20","date_gmt":"2022-05-06T09:58:20","guid":{"rendered":"https:\/\/www.isblue.fr\/?post_type=cpt_evenements&#038;p=8540"},"modified":"2022-05-13T10:40:58","modified_gmt":"2022-05-13T08:40:58","slug":"pacte-kick-off-meeting-27th-june-2022","status":"publish","type":"cpt_evenements","link":"https:\/\/isblue.fr\/en\/all-events\/pacte-kick-off-meeting-27th-june-2022\/","title":{"rendered":"PACTE : Kick off Flagship project &#8211; 27th June 2022"},"content":{"rendered":"\n<div class=\"wp-block-image\"><figure class=\"aligncenter size-full\"><img decoding=\"async\" width=\"895\" height=\"708\" src=\"https:\/\/www.isblue.fr\/wp-content\/uploads\/2022\/05\/Carottage-2-dimensions-web.jpg\" alt=\"\" class=\"wp-image-8582\" srcset=\"https:\/\/isblue.fr\/wp-content\/uploads\/2022\/05\/Carottage-2-dimensions-web.jpg 895w, https:\/\/isblue.fr\/wp-content\/uploads\/2022\/05\/Carottage-2-dimensions-web-800x633.jpg 800w, https:\/\/isblue.fr\/wp-content\/uploads\/2022\/05\/Carottage-2-dimensions-web-768x608.jpg 768w, https:\/\/isblue.fr\/wp-content\/uploads\/2022\/05\/Carottage-2-dimensions-web-300x237.jpg 300w\" sizes=\"(max-width: 895px) 100vw, 895px\" \/><\/figure><\/div>\n\n\n\n<p>The interdisciplinary project PACTE &#8220;PAst to Current land-sea Continuum: socio-ecosystem trajectories derived from a regional pilot site&#8221; (PI A. Penaud, Geo-Ocean, IUEM) aims to reconstruct the trajectory of the socio-ecosystem of the Brest roadstead (taken as a pilot site representative of semi-enclosed coastal bays), in response to a range of climatic modifications and anthropic pressures, at the level of the main tributary rivers, the Aulne and the Elorn, and over the last two centuries at least.<\/p>\n\n\n\n<p>The main objective is to reconstruct the first chrono-systemic frieze of the evolution of the socio-ecosystem of the Brest roadstead by deploying an integrated study strategy combining:<\/p>\n\n\n\n<ul><li> sedimentological, geochemical, palaeoecological and palaeogenetic retroobservation from estuarine sedimentary archives,<\/li><\/ul>\n\n\n\n<ul><li>with the analysis of historical records of use and occupation of catchment areas (agriculture, industrial activities), maritime activities (fishing, aquaculture) and major climatic events (storms, extreme temperatures, floods), instrumental monitoring of river and coastal hydro-systems, and<\/li><\/ul>\n\n\n\n<ul><li>numerical modelling of the physico-biogeochemical trajectory of estuaries within the land-sea continuum (flow rate, water temperature, concentration, nutrient ratios and fluxes, oxygenation rate, phytoplankton biomass, etc.) based on the coupling of fluvial and estuarine\/marine models.<\/li><\/ul>\n\n\n\n<p class=\"has-text-align-center\"><strong>The project will be presented on 27th June at the P\u00f4le Num\u00e9rique Brest Iroise (PNBI) in Plouzan\u00e9.<\/strong><br><strong>This event is open to all upon registration before 10th June.<\/strong><\/p>\n\n\n\n  <p class=\"wrap_zip_block-btn\">\n     <a class=\"zip_block-btn btn1\" href=\"https:\/\/forms.gle\/LEvVcLop4q5oN8vH6\" target=\"\">Register here !<\/a>\n  <\/p>\n  \n\n\n<h3 class=\"wp-block-heading\">Programme of the day :<\/h3>\n\n\n\n<p>Presentations will be in French or English at the convenience of the speakers. If the presentation is in French, the slides will be in English.<\/p>\n\n\n\n<ul><li>9.15am: Welcome to participants<\/li><li>9.30am: <strong>Round table<\/strong> and <strong>general presentation<\/strong> of PACTE by <strong>A. Penaud<\/strong>, PACTE on the <strong>ISblue website<\/strong> by <strong>L. de Montbron<\/strong><\/li><\/ul>\n\n\n\n<ul><li>10am: Presentation &#8220;<strong><em>WP1 : Project coordination<\/em><\/strong>&#8221; with the budget by <strong>A. Penaud<\/strong> &amp; presentation of the operating rule for the use of credits by <strong>Nadine R\u00e9niers\/Delphine Le Roux<\/strong><\/li><\/ul>\n\n\n\n<ul><li>10.15am: Presentation &#8220;<strong><em>WP 2: Geomorphological and landscape changes (coord. J. Goslin and C. Lambert)<\/em><\/strong>&#8220;, <strong>Cl\u00e9ment Lambert<\/strong> for a presentation of the article Lambert et al. (2020): &#8220;Striking forest revival at the end of the Roman Period in north\u2011western Europe&#8221;, <strong>J\u00e9r\u00f4me Goslin<\/strong> for the PACTE campaign planned on Haliotis\/Thalia (Ifremer)<\/li><\/ul>\n\n\n\n<ul><li>10.35am: Questions regarding WP2<\/li><\/ul>\n\n\n\n<ul><li>10.45am: Coffee break<\/li><\/ul>\n\n\n\n<ul><li>11am: Presentation <em>&#8220;<\/em><strong><em>WP 3: Shifts in biological communities (coord. R. Siano and J. Sutton)<\/em><\/strong><em>&#8220;<\/em> : <strong>Raffaele Siano<\/strong> for a presentation of the article Siano et al. (2021) &#8220;Sediment archives reveal irreversible shifts in plankton communities after World War II and agricultural pollution&#8221; + <strong>Jill Sutton<\/strong> for a presentation on silicifying organisms and the silicon cycle at IUEM<\/li><\/ul>\n\n\n\n<ul><li>11.30am: Questions regarding WP3<\/li><\/ul>\n\n\n\n<ul><li>11.45am-1.45pm: Lunch break at PNBI<\/li><\/ul>\n\n\n\n<ul><li>2pm-2.45pm: <strong>Scott Mensing<\/strong> conference: \u201c<em>Combining paleo and historical approaches to build robust explanations of environmental transformations<\/em>\u201d<\/li><\/ul>\n\n\n\n<ul><li>3pm<strong>:<\/strong> Presentation <em>&#8220;<\/em><strong><em>WP 4: Modelled-data comparison (coord. M. Raimonet and Y-M. Paulet)<\/em><\/strong><em>&#8221; <\/em>: <strong>Lucas Bosseboeuf<\/strong> (PhD in History) for a presentation of Histo-Rade, <strong>M\u00e9lanie Raimonet<\/strong> for a presentation on land-sea continuum modelling<\/li><\/ul>\n\n\n\n<ul><li>3.30pm:<strong> <\/strong>Questions regarding WP4<\/li><\/ul>\n\n\n\n<ul><li>3.45pm: <strong>Data management Plan &#8211; Databases<\/strong> : <strong>Jean-Baptiste Pressac<\/strong> for a presentation of <a href=\"https:\/\/mshb.huma-num.fr\/prelib\/\">PRELIB<\/a> (Projet de recherche en litt\u00e9rature bretonne), <a href=\"https:\/\/www.wikidata.org\">Wikidata<\/a> and <a href=\"https:\/\/wikiba.se\/\">Wikibase<\/a> and <strong>Mathias Rouan<\/strong> for a presentation of POPS: a collaborative project management platform, and INDIGEO: a spatial data infrastructure<\/li><\/ul>\n\n\n\n<ul><li>4.10pm: <strong>Societal expectations<\/strong>, watershed managers, \u201ccontrat de Rade\u201d : <strong>Nathalie Rey<\/strong> \/ Dissemination of the scientific knowledge, Oc\u00e9anopolis-70.8 : <strong>Pascale Nicol<\/strong><\/li><\/ul>\n\n\n\n<ul><li>4.30pm: Tea break&nbsp;<\/li><\/ul>\n\n\n\n<ul><li>5pm-5.45pm:<strong> Bryna Cameron-Steinke <\/strong>conference : \u201c<em>Early medieval Brittany: climate, environment and human activities<\/em>\u201d (early medieval landscape and epidemiological history)<\/li><\/ul>\n\n\n\n<ul><li>5.45pm-6.30pm:<strong> <\/strong>Further discussions before ending the day with remarks, suggestions, comments, ideas&#8230;<\/li><\/ul>\n","protected":false},"author":2,"featured_media":8582,"parent":0,"template":"","taxo_evenements":[68],"acf":[],"yoast_head":"<!-- This site is optimized with the Yoast SEO plugin v21.9 - https:\/\/yoast.com\/wordpress\/plugins\/seo\/ -->\n<title>PACTE : Kick off Flagship project - 27th June 2022 - Ecole Universitaire de Recherche en sciences &amp; technologies marines<\/title>\n<meta name=\"robots\" content=\"index, follow, max-snippet:-1, max-image-preview:large, max-video-preview:-1\" \/>\n<link rel=\"canonical\" href=\"https:\/\/isblue.fr\/en\/all-events\/pacte-kick-off-meeting-27th-june-2022\/\" \/>\n<meta property=\"og:locale\" content=\"en_US\" \/>\n<meta property=\"og:type\" content=\"article\" \/>\n<meta property=\"og:title\" content=\"PACTE : Kick off Flagship project - 27th June 2022 - Ecole Universitaire de Recherche en sciences &amp; technologies marines\" \/>\n<meta property=\"og:url\" content=\"https:\/\/isblue.fr\/en\/all-events\/pacte-kick-off-meeting-27th-june-2022\/\" \/>\n<meta property=\"og:site_name\" content=\"Ecole Universitaire de Recherche en sciences &amp; technologies marines\" \/>\n<meta property=\"article:modified_time\" content=\"2022-05-13T08:40:58+00:00\" \/>\n<meta property=\"og:image\" content=\"https:\/\/isblue.fr\/wp-content\/uploads\/2022\/05\/Carottage-2-dimensions-web.jpg\" \/>\n\t<meta property=\"og:image:width\" content=\"895\" \/>\n\t<meta property=\"og:image:height\" content=\"708\" \/>\n\t<meta property=\"og:image:type\" content=\"image\/jpeg\" \/>\n<meta name=\"twitter:card\" content=\"summary_large_image\" \/>\n<meta name=\"twitter:label1\" content=\"Est. reading time\" \/>\n\t<meta name=\"twitter:data1\" content=\"4 minutes\" \/>\n<script type=\"application\/ld+json\" class=\"yoast-schema-graph\">{\"@context\":\"https:\/\/schema.org\",\"@graph\":[{\"@type\":\"WebPage\",\"@id\":\"https:\/\/isblue.fr\/en\/all-events\/pacte-kick-off-meeting-27th-june-2022\/\",\"url\":\"https:\/\/isblue.fr\/en\/all-events\/pacte-kick-off-meeting-27th-june-2022\/\",\"name\":\"PACTE : Kick off Flagship project - 27th June 2022 - Ecole Universitaire de Recherche en sciences &amp; technologies marines\",\"isPartOf\":{\"@id\":\"https:\/\/isblue.fr\/en\/#website\"},\"datePublished\":\"2022-05-06T09:58:20+00:00\",\"dateModified\":\"2022-05-13T08:40:58+00:00\",\"breadcrumb\":{\"@id\":\"https:\/\/isblue.fr\/en\/all-events\/pacte-kick-off-meeting-27th-june-2022\/#breadcrumb\"},\"inLanguage\":\"en-US\",\"potentialAction\":[{\"@type\":\"ReadAction\",\"target\":[\"https:\/\/isblue.fr\/en\/all-events\/pacte-kick-off-meeting-27th-june-2022\/\"]}]},{\"@type\":\"BreadcrumbList\",\"@id\":\"https:\/\/isblue.fr\/en\/all-events\/pacte-kick-off-meeting-27th-june-2022\/#breadcrumb\",\"itemListElement\":[{\"@type\":\"ListItem\",\"position\":1,\"name\":\"Home\",\"item\":\"https:\/\/isblue.fr\/en\/\"},{\"@type\":\"ListItem\",\"position\":2,\"name\":\"Events\",\"item\":\"https:\/\/isblue.fr\/en\/all-events\/\"},{\"@type\":\"ListItem\",\"position\":3,\"name\":\"Research\",\"item\":\"https:\/\/isblue.fr\/en\/event-types\/research\/\"},{\"@type\":\"ListItem\",\"position\":4,\"name\":\"PACTE : Kick off Flagship project &#8211; 27th June 2022\"}]},{\"@type\":\"WebSite\",\"@id\":\"https:\/\/isblue.fr\/en\/#website\",\"url\":\"https:\/\/isblue.fr\/en\/\",\"name\":\"Ecole Universitaire de Recherche en sciences &amp; technologies marines\",\"description\":\"Ecole Universitaire de Recherche en sciences &amp; technologies marines\",\"publisher\":{\"@id\":\"https:\/\/isblue.fr\/en\/#organization\"},\"potentialAction\":[{\"@type\":\"SearchAction\",\"target\":{\"@type\":\"EntryPoint\",\"urlTemplate\":\"https:\/\/isblue.fr\/en\/?s={search_term_string}\"},\"query-input\":\"required name=search_term_string\"}],\"inLanguage\":\"en-US\"},{\"@type\":\"Organization\",\"@id\":\"https:\/\/isblue.fr\/en\/#organization\",\"name\":\"ISblue\",\"url\":\"https:\/\/isblue.fr\/en\/\",\"logo\":{\"@type\":\"ImageObject\",\"inLanguage\":\"en-US\",\"@id\":\"https:\/\/isblue.fr\/en\/#\/schema\/logo\/image\/\",\"url\":\"https:\/\/www.isblue.fr\/wp-content\/uploads\/2020\/11\/logo.png\",\"contentUrl\":\"https:\/\/www.isblue.fr\/wp-content\/uploads\/2020\/11\/logo.png\",\"width\":367,\"height\":49,\"caption\":\"ISblue\"},\"image\":{\"@id\":\"https:\/\/isblue.fr\/en\/#\/schema\/logo\/image\/\"}}]}<\/script>\n<!-- \/ Yoast SEO plugin. -->","yoast_head_json":{"title":"PACTE : Kick off Flagship project - 27th June 2022 - Ecole Universitaire de Recherche en sciences &amp; technologies marines","robots":{"index":"index","follow":"follow","max-snippet":"max-snippet:-1","max-image-preview":"max-image-preview:large","max-video-preview":"max-video-preview:-1"},"canonical":"https:\/\/isblue.fr\/en\/all-events\/pacte-kick-off-meeting-27th-june-2022\/","og_locale":"en_US","og_type":"article","og_title":"PACTE : Kick off Flagship project - 27th June 2022 - Ecole Universitaire de Recherche en sciences &amp; technologies marines","og_url":"https:\/\/isblue.fr\/en\/all-events\/pacte-kick-off-meeting-27th-june-2022\/","og_site_name":"Ecole Universitaire de Recherche en sciences &amp; technologies marines","article_modified_time":"2022-05-13T08:40:58+00:00","og_image":[{"width":895,"height":708,"url":"https:\/\/isblue.fr\/wp-content\/uploads\/2022\/05\/Carottage-2-dimensions-web.jpg","type":"image\/jpeg"}],"twitter_card":"summary_large_image","twitter_misc":{"Est. reading time":"4 minutes"},"schema":{"@context":"https:\/\/schema.org","@graph":[{"@type":"WebPage","@id":"https:\/\/isblue.fr\/en\/all-events\/pacte-kick-off-meeting-27th-june-2022\/","url":"https:\/\/isblue.fr\/en\/all-events\/pacte-kick-off-meeting-27th-june-2022\/","name":"PACTE : Kick off Flagship project - 27th June 2022 - Ecole Universitaire de Recherche en sciences &amp; technologies marines","isPartOf":{"@id":"https:\/\/isblue.fr\/en\/#website"},"datePublished":"2022-05-06T09:58:20+00:00","dateModified":"2022-05-13T08:40:58+00:00","breadcrumb":{"@id":"https:\/\/isblue.fr\/en\/all-events\/pacte-kick-off-meeting-27th-june-2022\/#breadcrumb"},"inLanguage":"en-US","potentialAction":[{"@type":"ReadAction","target":["https:\/\/isblue.fr\/en\/all-events\/pacte-kick-off-meeting-27th-june-2022\/"]}]},{"@type":"BreadcrumbList","@id":"https:\/\/isblue.fr\/en\/all-events\/pacte-kick-off-meeting-27th-june-2022\/#breadcrumb","itemListElement":[{"@type":"ListItem","position":1,"name":"Home","item":"https:\/\/isblue.fr\/en\/"},{"@type":"ListItem","position":2,"name":"Events","item":"https:\/\/isblue.fr\/en\/all-events\/"},{"@type":"ListItem","position":3,"name":"Research","item":"https:\/\/isblue.fr\/en\/event-types\/research\/"},{"@type":"ListItem","position":4,"name":"PACTE : Kick off Flagship project &#8211; 27th June 2022"}]},{"@type":"WebSite","@id":"https:\/\/isblue.fr\/en\/#website","url":"https:\/\/isblue.fr\/en\/","name":"Ecole Universitaire de Recherche en sciences &amp; technologies marines","description":"Ecole Universitaire de Recherche en sciences &amp; technologies marines","publisher":{"@id":"https:\/\/isblue.fr\/en\/#organization"},"potentialAction":[{"@type":"SearchAction","target":{"@type":"EntryPoint","urlTemplate":"https:\/\/isblue.fr\/en\/?s={search_term_string}"},"query-input":"required name=search_term_string"}],"inLanguage":"en-US"},{"@type":"Organization","@id":"https:\/\/isblue.fr\/en\/#organization","name":"ISblue","url":"https:\/\/isblue.fr\/en\/","logo":{"@type":"ImageObject","inLanguage":"en-US","@id":"https:\/\/isblue.fr\/en\/#\/schema\/logo\/image\/","url":"https:\/\/www.isblue.fr\/wp-content\/uploads\/2020\/11\/logo.png","contentUrl":"https:\/\/www.isblue.fr\/wp-content\/uploads\/2020\/11\/logo.png","width":367,"height":49,"caption":"ISblue"},"image":{"@id":"https:\/\/isblue.fr\/en\/#\/schema\/logo\/image\/"}}]}},"_links":{"self":[{"href":"https:\/\/isblue.fr\/en\/wp-json\/wp\/v2\/cpt_evenements\/8540"}],"collection":[{"href":"https:\/\/isblue.fr\/en\/wp-json\/wp\/v2\/cpt_evenements"}],"about":[{"href":"https:\/\/isblue.fr\/en\/wp-json\/wp\/v2\/types\/cpt_evenements"}],"author":[{"embeddable":true,"href":"https:\/\/isblue.fr\/en\/wp-json\/wp\/v2\/users\/2"}],"version-history":[{"count":3,"href":"https:\/\/isblue.fr\/en\/wp-json\/wp\/v2\/cpt_evenements\/8540\/revisions"}],"predecessor-version":[{"id":8794,"href":"https:\/\/isblue.fr\/en\/wp-json\/wp\/v2\/cpt_evenements\/8540\/revisions\/8794"}],"wp:featuredmedia":[{"embeddable":true,"href":"https:\/\/isblue.fr\/en\/wp-json\/wp\/v2\/media\/8582"}],"wp:attachment":[{"href":"https:\/\/isblue.fr\/en\/wp-json\/wp\/v2\/media?parent=8540"}],"wp:term":[{"taxonomy":"taxo_evenements","embeddable":true,"href":"https:\/\/isblue.fr\/en\/wp-json\/wp\/v2\/taxo_evenements?post=8540"}],"curies":[{"name":"wp","href":"https:\/\/api.w.org\/{rel}","templated":true}]}}