{"id":10640,"date":"2022-04-26T15:37:50","date_gmt":"2022-04-26T13:37:50","guid":{"rendered":"https:\/\/www.isblue.fr\/?page_id=10640"},"modified":"2022-05-27T10:18:54","modified_gmt":"2022-05-27T08:18:54","slug":"press-review","status":"publish","type":"page","link":"https:\/\/isblue.fr\/en\/press-review\/","title":{"rendered":"Press review"},"content":{"rendered":"\n<p>Do not hesitate to contact us for any interview with a member of the scientific team and\/or students who participated in the RESILIENCE mission at jean-francois.ternon@ird.fr (scientific team) and christophe.mocquet@univ-cotedazur.fr (Floating University).<\/p>\n\n\n\n<div style=\"height:100px\" aria-hidden=\"true\" class=\"wp-block-spacer\"><\/div>\n\n\n\n<h3 class=\"wp-block-heading\">Midi Libre &#8211; May 7th, 2022<\/h3>\n\n\n\n<figure class=\"wp-block-image size-large\"><img decoding=\"async\" width=\"836\" height=\"1200\" src=\"https:\/\/www.isblue.fr\/wp-content\/uploads\/2022\/05\/Screenshot-from-2022-05-12-14-27-38-836x1200.jpg\" alt=\"\" class=\"wp-image-8755\" srcset=\"https:\/\/isblue.fr\/wp-content\/uploads\/2022\/05\/Screenshot-from-2022-05-12-14-27-38-836x1200.jpg 836w, https:\/\/isblue.fr\/wp-content\/uploads\/2022\/05\/Screenshot-from-2022-05-12-14-27-38-557x800.jpg 557w, https:\/\/isblue.fr\/wp-content\/uploads\/2022\/05\/Screenshot-from-2022-05-12-14-27-38-768x1102.jpg 768w, https:\/\/isblue.fr\/wp-content\/uploads\/2022\/05\/Screenshot-from-2022-05-12-14-27-38-209x300.jpg 209w, https:\/\/isblue.fr\/wp-content\/uploads\/2022\/05\/Screenshot-from-2022-05-12-14-27-38-1070x1536.jpg 1070w, https:\/\/isblue.fr\/wp-content\/uploads\/2022\/05\/Screenshot-from-2022-05-12-14-27-38-892x1280.jpg 892w, https:\/\/isblue.fr\/wp-content\/uploads\/2022\/05\/Screenshot-from-2022-05-12-14-27-38.jpg 1314w\" sizes=\"(max-width: 836px) 100vw, 836px\" \/><\/figure>\n\n\n\n<div style=\"height:100px\" aria-hidden=\"true\" class=\"wp-block-spacer\"><\/div>\n\n\n\n<h3 class=\"wp-block-heading\">La Marseillaise &#8211; May 2nd, 2022<\/h3>\n\n\n\n<figure class=\"wp-block-image size-large\"><img decoding=\"async\" width=\"505\" height=\"1200\" src=\"https:\/\/www.isblue.fr\/wp-content\/uploads\/2022\/05\/Capture-de\u0301cran-2022-05-02-a\u0300-13.22.33-505x1200.jpg\" alt=\"\" class=\"wp-image-8255\" srcset=\"https:\/\/isblue.fr\/wp-content\/uploads\/2022\/05\/Capture-de\u0301cran-2022-05-02-a\u0300-13.22.33-505x1200.jpg 505w, https:\/\/isblue.fr\/wp-content\/uploads\/2022\/05\/Capture-de\u0301cran-2022-05-02-a\u0300-13.22.33-126x300.jpg 126w, https:\/\/isblue.fr\/wp-content\/uploads\/2022\/05\/Capture-de\u0301cran-2022-05-02-a\u0300-13.22.33-646x1536.jpg 646w, https:\/\/isblue.fr\/wp-content\/uploads\/2022\/05\/Capture-de\u0301cran-2022-05-02-a\u0300-13.22.33-538x1280.jpg 538w, https:\/\/isblue.fr\/wp-content\/uploads\/2022\/05\/Capture-de\u0301cran-2022-05-02-a\u0300-13.22.33.jpg 762w\" sizes=\"(max-width: 505px) 100vw, 505px\" \/><\/figure>\n\n\n\n<div style=\"height:100px\" aria-hidden=\"true\" class=\"wp-block-spacer\"><\/div>\n\n\n\n<h3 class=\"wp-block-heading\">France 3 Bretagne &#8211; April 26th, 2022<\/h3>\n\n\n\n<p><a href=\"https:\/\/france3-regions.francetvinfo.fr\/bretagne\/finistere\/brest\/une-universite-flottante-en-plein-ocean-indien-la-belle-epopee-de-ces-etudiants-brestois-embarques-dans-une-campagne-scientifique-2531216.html\" target=\"_blank\" rel=\"noreferrer noopener\">https:\/\/france3-regions.francetvinfo.fr\/bretagne\/finistere\/brest\/une-universite-flottante-en-plein-ocean-indien-la-belle-epopee-de-ces-etudiants-brestois-embarques-dans-une-campagne-scientifique-2531216.html<\/a><\/p>\n\n\n\n<figure class=\"wp-block-image size-large\"><img decoding=\"async\" width=\"1200\" height=\"714\" src=\"https:\/\/www.isblue.fr\/wp-content\/uploads\/2022\/04\/Capture-de\u0301cran-2022-04-26-a\u0300-15.31.14-1200x714.jpg\" alt=\"\" class=\"wp-image-7558\" srcset=\"https:\/\/isblue.fr\/wp-content\/uploads\/2022\/04\/Capture-de\u0301cran-2022-04-26-a\u0300-15.31.14-1200x714.jpg 1200w, https:\/\/isblue.fr\/wp-content\/uploads\/2022\/04\/Capture-de\u0301cran-2022-04-26-a\u0300-15.31.14-800x476.jpg 800w, https:\/\/isblue.fr\/wp-content\/uploads\/2022\/04\/Capture-de\u0301cran-2022-04-26-a\u0300-15.31.14-768x457.jpg 768w, https:\/\/isblue.fr\/wp-content\/uploads\/2022\/04\/Capture-de\u0301cran-2022-04-26-a\u0300-15.31.14-1900x1131.jpg 1900w, https:\/\/isblue.fr\/wp-content\/uploads\/2022\/04\/Capture-de\u0301cran-2022-04-26-a\u0300-15.31.14-300x179.jpg 300w, https:\/\/isblue.fr\/wp-content\/uploads\/2022\/04\/Capture-de\u0301cran-2022-04-26-a\u0300-15.31.14-1536x914.jpg 1536w, https:\/\/isblue.fr\/wp-content\/uploads\/2022\/04\/Capture-de\u0301cran-2022-04-26-a\u0300-15.31.14-2048x1219.jpg 2048w, https:\/\/isblue.fr\/wp-content\/uploads\/2022\/04\/Capture-de\u0301cran-2022-04-26-a\u0300-15.31.14-1920x1142.jpg 1920w\" sizes=\"(max-width: 1200px) 100vw, 1200px\" \/><\/figure>\n\n\n\n<p>Une vingtaine d&#8217;\u00e9tudiants, dont douze Brestois, a embarqu\u00e9, il y a une semaine, \u00e0 bord du Marion-Dufresne, le navire oc\u00e9anographique de l&#8217;IFREMER. Ils participent \u00e0 une universit\u00e9 flottante dans l&#8217;oc\u00e9an indien. R\u00e9cit depuis le canal du Mozambique o\u00f9 nous avons pu les joindre.<\/p>\n\n\n\n<p>C&#8217;est depuis l&#8217;\u00eele Europa, dans le canal du Mozambique, que la liaison t\u00e9l\u00e9phonique est \u00e9tablie, ce lundi matin, avec le Marion-Dufresne. Le&nbsp;navire oc\u00e9anographique de l&#8217;<a href=\"https:\/\/wwz.ifremer.fr\/\" target=\"_blank\" rel=\"noreferrer noopener\">IFREMER<\/a>&nbsp;&#8211; qui est en campagne pour 35 jours dans l&#8217;oc\u00e9an indien &#8211;&nbsp;est arriv\u00e9, la veille au soir, dans cette r\u00e9gion des&nbsp;<a href=\"https:\/\/taaf.fr\/collectivites\/presentation-des-territoires\/les-iles-eparses\/\" target=\"_blank\" rel=\"noreferrer noopener\">\u00eeles Eparses<\/a>,&nbsp;situ\u00e9es sur les Terres&nbsp;australes et antarctiques fran\u00e7ais (TAAF).&nbsp;&nbsp;<\/p>\n\n\n\n<p>A l&#8217;autre bout du fil (et du monde), les voix de Simon Delsol et Ang\u00e8le Nicolas trahissent un peu de fatigue mais surtout beaucoup d&#8217;enthousiasme.&nbsp;<em>&#8220;C&#8217;est une chance unique d&#8217;\u00eatre ici&#8221;<\/em>&nbsp;disent-ils \u00e0 l&#8217;unisson. Les deux \u00e9tudiants en master \u00e0&nbsp;<a href=\"https:\/\/www-iuem.univ-brest.fr\/\" target=\"_blank\" rel=\"noreferrer noopener\">l&#8217;Institut universitaire europ\u00e9en de la mer<\/a>&nbsp;(IUEM) de Brest ont fait leur&nbsp;valise et embarqu\u00e9 le 19 avril dernier, \u00e0 l&#8217;instar d&#8217;une vingtaine d&#8217;autres \u00e9tudiants venus du Nord et du Sud de la France.&nbsp;<\/p>\n\n\n\n<p>Loin des paillasses et de la terre ferme, ils d\u00e9couvrent le principe de&nbsp;l&#8217;universit\u00e9 flottante, avec, \u00e0 leurs c\u00f4t\u00e9s,&nbsp;une cinquantaine de scientifiques internationaux.<\/p>\n\n\n\n<h2 class=\"wp-block-heading\">&#8220;Au coeur de la mission&#8221;<\/h2>\n\n\n\n<p>L&#8217;exp\u00e9rience grandeur nature&nbsp;aupr\u00e8s de ces chercheurs,&nbsp;&nbsp;<em>&#8220;c&#8217;est l&#8217;occasion de r\u00e9aliser un r\u00eave&#8221;<\/em>&nbsp;confie Simon. L&#8217;\u00e9tudiant de 25 ans, qui a bifurqu\u00e9 vers&nbsp;un master en G\u00e9osciences oc\u00e9an \u00e0 Brest apr\u00e8s deux ann\u00e9es de licence en \u00e9conomie \u00e0&nbsp;Perpignan, vient de passer une bonne partie de la nuit devant des tubes \u00e0 essai pour&nbsp;doser la concentration en oxyg\u00e8ne dans l&#8217;eau r\u00e9cup\u00e9r\u00e9e \u00e0 2.000 m\u00e8tres de profondeur.<\/p>\n\n\n\n<p>La nuit d&#8217;avant, Ang\u00e8le a particip\u00e9 \u00e0 la mise \u00e0 l&#8217;eau de filets pour la r\u00e9colte de phytoplancton et l&#8217;\u00e9chantillonnage en laboratoire. Cette \u00e9tudiante de 21 ans, passionn\u00e9e par la mer, a l\u00e2ch\u00e9 son \u00e9cole d&#8217;ing\u00e9nieur en agro-alimentaire pour l&#8217;IUEM.&nbsp;<em>&#8220;J&#8217;ai d\u00e9cid\u00e9 de suivre mes envies et j&#8217;ai bien fait&#8221;<\/em>&nbsp;assure cette Brestoise qui n&#8217;avait jamais navigu\u00e9 plus loin que la rade dans le cadre de son master de chimie de l&#8217;environnement marin.<\/p>\n\n\n\n<p>Je pensais devoir attendre ma th\u00e8se pour prendre part \u00e0 une campagne en merSimon Delsol, \u00e9tudiant \u00e0 l&#8217;IUEM<\/p>\n\n\n\n<p>Sur le Marion-Dufresne, les \u00e9tudiants font partie int\u00e9grante de l&#8217;\u00e9quipe scientifique.&nbsp;<em>&#8220;On est au coeur de cette mission, avec les chercheurs. Tout est tr\u00e8s organis\u00e9, chacun a son r\u00f4le&#8221;<\/em>&nbsp;explique Simon, lequel est d&#8217;autant plus verni qu&#8217;il est le seul g\u00e9ologue de l&#8217;universit\u00e9 flottante.&nbsp;<em>&#8220;En G\u00e9osciences, on n&#8217;est pas cens\u00e9s \u00eatre l\u00e0,<\/em>&nbsp;sourit l&#8217;\u00e9tudiant.&nbsp;<em>Il n&#8217;y avait qu&#8217;une place \u00e0 prendre, quatorze candidatures, il semblerait que j&#8217;ai \u00e9t\u00e9 le plus convaincant.&nbsp;C&#8217;\u00e9tait mon objectif de prendre part \u00e0 des campagnes en mer. Je pensais devoir attendre ma th\u00e8se pour y parvenir&#8221;<\/em>.<\/p>\n\n\n\n<h2 class=\"wp-block-heading\">La vie au large<\/h2>\n\n\n\n<p>Parti de l&#8217;\u00eele de la R\u00e9union il y a une semaine, le navire oc\u00e9anographique&nbsp;op\u00e8re cette&nbsp;campagne, baptis\u00e9e R\u00e9silience, pour comprendre le r\u00f4le des tourbillons dans la productivit\u00e9 biologique et la structuration des \u00e9cosyst\u00e8mes.&nbsp;Plusieurs&nbsp;zones g\u00e9ographiques vont ainsi \u00eatre \u00e9chantillonn\u00e9es dans le centre du canal du Mozambique et la c\u00f4te est de l&#8217;Afrique du Sud.<\/p>\n\n\n\n<p>Si les \u00e9tudiants&nbsp;prennent part&nbsp;activement \u00e0 ces&nbsp;pr\u00e9l\u00e8vements et analyses scientifiques, ils&nbsp;ont \u00e9galement en charge la communication&nbsp;sur le bateau&nbsp;et en direction du grand public.&nbsp;<br>Chacun peut suivre&nbsp;leur&nbsp;\u00e9pop\u00e9e en mer sur&nbsp;<a href=\"https:\/\/www.instagram.com\/uf_resilience\/\" target=\"_blank\" rel=\"noreferrer noopener\">les r\u00e9seaux sociaux<\/a>&nbsp;et le<a href=\"https:\/\/www.isblue.fr\/journal-de-bord\/\" target=\"_blank\" rel=\"noreferrer noopener\">&nbsp;blog<\/a>&nbsp;qu&#8217;ils ont cr\u00e9\u00e9, une sorte de&nbsp;journal de bord qu&#8217;ils alimentent tous les trois jours. Une mani\u00e8re de rendre visible l&#8217;universit\u00e9 flottante et de partager&nbsp;leur vie au large.&nbsp;<\/p>\n\n\n\n<p>Je vis une exp\u00e9rience rareAng\u00e8le Nicolas, \u00e9tudiante \u00e0 l&#8217;IUEM<\/p>\n\n\n\n<p>Ang\u00e8le, qui aimerait bien croiser quelques baleines avant son retour \u00e0 Brest fin mai &#8211;&nbsp;<em>&#8220;je ne perds pas espoir&#8221;<\/em>&nbsp;dit-elle &#8211; confie aussi qu&#8217;elle n&#8217;a pas h\u00e2te de rentrer.<em>&nbsp;&#8220;D&#8217;autant que ce sont mes partiels qui m&#8217;attendent&#8221;<\/em>&nbsp;l\u00e2che-t-elle avec humour.<br>Plus s\u00e9rieusement, l&#8217;\u00e9tudiante en chimie de l&#8217;environnement marin est ici dans son \u00e9l\u00e9ment. Et d\u00e9couvre en quelque sorte l&#8217;envers du d\u00e9cor.&nbsp;<em>&#8220;Le d\u00e9but d&#8217;une \u00e9tude, \u00e7a se passe d&#8217;abord sur les bateaux et&nbsp;ensuite&nbsp;dans les labos. C&#8217;est super int\u00e9ressant d&#8217;assister \u00e0 ce premier travail, je vis une exp\u00e9rience rare&#8221;<\/em>&nbsp;raconte Ang\u00e8le.<\/p>\n\n\n\n<p>Dans la nuit de ce lundi \u00e0 mardi, le navire&nbsp;va mettre le cap plus au sud&nbsp;du canal du Mozambique, direction l&#8217;atoll de Bassas da India.<\/p>\n\n\n\n<div style=\"height:100px\" aria-hidden=\"true\" class=\"wp-block-spacer\"><\/div>\n\n\n\n<h3 class=\"wp-block-heading\">France Bleu &#8211; April 19th, 2022<\/h3>\n\n\n\n<p><a href=\"https:\/\/www.francebleu.fr\/infos\/environnement\/douze-etudiants-de-l-ubo-embarquent-pour-35-jours-au-milieu-de-l-ocean-indien-1650380903\">https:\/\/www.francebleu.fr\/infos\/environnement\/douze-etudiants-de-l-ubo-embarquent-pour-35-jours-au-milieu-de-l-ocean-indien-1650380903<\/a><\/p>\n\n\n\n<figure class=\"wp-block-image size-large\"><img decoding=\"async\" width=\"1200\" height=\"901\" src=\"https:\/\/www.isblue.fr\/wp-content\/uploads\/2022\/04\/Capture-de\u0301cran-2022-04-26-a\u0300-15.36.07-1200x901.jpg\" alt=\"\" class=\"wp-image-7568\" srcset=\"https:\/\/isblue.fr\/wp-content\/uploads\/2022\/04\/Capture-de\u0301cran-2022-04-26-a\u0300-15.36.07-1200x901.jpg 1200w, https:\/\/isblue.fr\/wp-content\/uploads\/2022\/04\/Capture-de\u0301cran-2022-04-26-a\u0300-15.36.07-800x601.jpg 800w, https:\/\/isblue.fr\/wp-content\/uploads\/2022\/04\/Capture-de\u0301cran-2022-04-26-a\u0300-15.36.07-768x577.jpg 768w, https:\/\/isblue.fr\/wp-content\/uploads\/2022\/04\/Capture-de\u0301cran-2022-04-26-a\u0300-15.36.07-1900x1427.jpg 1900w, https:\/\/isblue.fr\/wp-content\/uploads\/2022\/04\/Capture-de\u0301cran-2022-04-26-a\u0300-15.36.07-300x225.jpg 300w, https:\/\/isblue.fr\/wp-content\/uploads\/2022\/04\/Capture-de\u0301cran-2022-04-26-a\u0300-15.36.07-1536x1153.jpg 1536w, https:\/\/isblue.fr\/wp-content\/uploads\/2022\/04\/Capture-de\u0301cran-2022-04-26-a\u0300-15.36.07-2048x1538.jpg 2048w, https:\/\/isblue.fr\/wp-content\/uploads\/2022\/04\/Capture-de\u0301cran-2022-04-26-a\u0300-15.36.07-1705x1280.jpg 1705w\" sizes=\"(max-width: 1200px) 100vw, 1200px\" \/><\/figure>\n\n\n\n<p>\u00c9tudier en plein milieu de l&#8217;Oc\u00e9an, vous en avez peut-\u00eatre r\u00eaver, eux vont le vivre. 20 \u00e9tudiants, donc 12 de l&#8217;UBO vont passer 35 jours en plein milieu de l&#8217;oc\u00e9an Indien. Ils ont lev\u00e9 l&#8217;ancre ce mardi 19 avril en fin d&#8217;apr\u00e8s-midi depuis l&#8217;Ile de la R\u00e9union. Mais pas question de se la couler douce ! Ces \u00e9tudiants de l&#8217;Institut universitaire europ\u00e9en de la mer sont mont\u00e9s \u00e0 bord du&nbsp;<strong>navire Marion Dufresne<\/strong>. \u00c0 leurs c\u00f4t\u00e9s,&nbsp;<strong>50 scientifiques de la mission R\u00e9silience.<\/strong><\/p>\n\n\n\n<h2 class=\"wp-block-heading\">Une aventure retranscrite dans un journal de bord<\/h2>\n\n\n\n<p>Leur but&nbsp;:&nbsp;<em>&#8220;\u00e9tudier les interactions entre physique et biologie pour comprendre le r\u00f4le des tourbillons dans la productivit\u00e9 biologique et la structuration des \u00e9cosyst\u00e8mes dans l&#8217;oc\u00e9an&#8221;,<\/em>&nbsp;d\u00e9taille Jonas, il est l&#8217;un des 12 \u00e9tudiants brestois \u00e0 participer \u00e0 l&#8217;aventure. Dis plus simplement, c&#8217;est \u00e9tudier&nbsp;<strong>le lien entre les mouvements des courants \u00e0 certains endroits et les \u00e9cosyst\u00e8mes marins<\/strong>.&nbsp;<em>&#8220;Ce n&#8217;est pas 50 personnes qui vont juste regarder des tourbillons&#8221;.<\/em>&nbsp;Pour r\u00e9colter les donn\u00e9es, plusieurs \u00e9quipes de scientifiques<em>, &#8220;des chimistes, mais aussi des biologistes&#8221;. &#8220;Certains vont \u00e9tudier le plancton, d&#8217;autres, les mammif\u00e8res marins. Par exemple, certains vont utiliser les ondes acoustiques pour d\u00e9terminer les esp\u00e8ces pr\u00e9sentes, d&#8217;autres \u00e9tudier l&#8217;ADN contenu dans l&#8217;eau&#8221;.<\/em>&nbsp;Et ce n&#8217;est qu&#8217;un exemple parmi tant d&#8217;autres des donn\u00e9es qui seront r\u00e9colt\u00e9es par la mission R\u00e9silience.<\/p>\n\n\n\n<p>Les \u00e9tudiants pr\u00e9sents auront pour mission de&nbsp;<strong>communiquer sur ce qui est fait \u00e0 bord du Marion Dufresne<\/strong>.&nbsp;<em>&#8220;On tient<\/em>&nbsp;<a href=\"https:\/\/www.isblue.fr\/universite-flottante-campagne-resilience-2022\/\" target=\"_blank\" rel=\"noreferrer noopener\"><em>un blog<\/em><\/a>&nbsp;<em>\u00e0 jour, on fera surement des interviews, des petites vid\u00e9os de la vie \u00e0 bord, de certains outils qu&#8217;on utilise par exemple&#8221;<\/em>. Ils organiseront aussi des s\u00e9minaires qui devraient \u00eatre retransmis sur leur site.&nbsp;<em>&#8220;Ce sera principalement de l&#8217;observation pour nous&#8221;.&nbsp;<\/em><\/p>\n\n\n\n<blockquote class=\"wp-block-quote is-layout-flow wp-block-quote-is-layout-flow\"><p>&#8220;\u00c7a fait r\u00eaver&#8221; &#8211; Jonas<\/p><\/blockquote>\n\n\n\n<p>Car m\u00eame s&#8217;ils ont un petit&nbsp;<em>&#8220;bagage scientifique&#8221;,<\/em>&nbsp;ils ne pourront pas tout faire, mais Jonas est persuad\u00e9 que les scientifiques feront de leur mieux pour les int\u00e9grer et les laisser participer&nbsp;<em>&#8220;en fonction de la difficult\u00e9 de la t\u00e2che \u00e0 r\u00e9aliser bien s\u00fbr&#8221;<\/em>. Il y aura aussi&nbsp;<strong>beaucoup de donn\u00e9es \u00e0 traiter<\/strong>&nbsp;durant ces 35 jours en mer.<\/p>\n\n\n\n<p>Jonas est bien conscient de la&nbsp;<strong>belle opportunit\u00e9<\/strong>&nbsp;que lui offre ce programme, mis en place par l&#8217;UBO et&nbsp;<a target=\"_blank\" href=\"https:\/\/www.isblue.fr\/\" rel=\"noreferrer noopener\">ISblue<\/a>. Les donn\u00e9es que Jonas \u00e9tudie en cours viennent de missions scientifiques comme la mission R\u00e9silience. &#8220;\u00c7a fait partie des choses dont les profs nous parlent, et qui nous font r\u00eaver&#8221;.&nbsp;<strong>La proximit\u00e9 avec autant de scientifiques<\/strong>&nbsp;de son domaine, la chimie marine, est aussi&nbsp;<em>&#8220;une super exp\u00e9rience&#8221;<\/em>&nbsp;pour Jonas. &nbsp;&#8220;\u00c7a fait r\u00eaver.&#8221; Mais c&#8217;est aussi une aventure personnelle&nbsp;<em>&#8220;c&#8217;est un bateau immense, 35 jours de mer, on est tous<\/em>&nbsp;<em><strong>un peu euphoriques<\/strong><\/em>&nbsp;<em>de ce qu&#8217;on est en train de vivre&#8221;<\/em>, plaisante l&#8217;\u00e9tudiant.&nbsp;<\/p>\n\n\n\n<p>Aucune appr\u00e9hension, malgr\u00e9 la fatigue du vol jusqu&#8217;\u00e0 l&#8217;Ile de la R\u00e9union.&nbsp;<em>&#8220;On s&#8217;entend plut\u00f4t bien pour le moment&#8221;.<\/em>&nbsp;Seule l\u00e9g\u00e8re inqui\u00e9tude, le mal de mer, m\u00eame si, Jonas l&#8217;assure, \u00e7a devrait aller l\u00e0 o\u00f9 ils vont.&nbsp;<\/p>\n\n\n\n<p>L&#8217;aventure de Jonas et de toute la mission R\u00e9silience est \u00e0 suivre aussi sur les r\u00e9seaux sociaux&nbsp;<a target=\"_blank\" href=\"https:\/\/www.instagram.com\/uf_resilience\/\" rel=\"noreferrer noopener\">Instagram<\/a>&nbsp;et&nbsp;<a target=\"_blank\" href=\"https:\/\/twitter.com\/UF_Resilience\" rel=\"noreferrer noopener\">Twitter<\/a>.<\/p>\n\n\n\n<div style=\"height:100px\" aria-hidden=\"true\" class=\"wp-block-spacer\"><\/div>\n\n\n\n  <p class=\"wrap_zip_block-btn\">\n     <a class=\"zip_block-btn btn1\" href=\"https:\/\/isblue.fr\/en\/oceanographic-cruise-resilience-2022\/\" target=\"\">Retour \u00e0 la page d&#8217;accueil<\/a>\n  <\/p>\n  ","protected":false},"excerpt":{"rendered":"","protected":false},"author":14,"featured_media":8383,"parent":0,"menu_order":263,"comment_status":"closed","ping_status":"closed","template":"","meta":{"_acf_changed":false,"footnotes":""},"acf":[],"yoast_head":"<!-- This site is optimized with the Yoast SEO plugin v21.9 - https:\/\/yoast.com\/wordpress\/plugins\/seo\/ -->\n<title>Press review - Ecole Universitaire de Recherche en sciences &amp; technologies marines<\/title>\n<meta name=\"robots\" content=\"index, follow, max-snippet:-1, max-image-preview:large, max-video-preview:-1\" \/>\n<link rel=\"canonical\" href=\"https:\/\/isblue.fr\/en\/press-review\/\" \/>\n<meta property=\"og:locale\" content=\"en_US\" \/>\n<meta property=\"og:type\" content=\"article\" \/>\n<meta property=\"og:title\" content=\"Press review - Ecole Universitaire de Recherche en sciences &amp; technologies marines\" \/>\n<meta property=\"og:url\" content=\"https:\/\/isblue.fr\/en\/press-review\/\" \/>\n<meta property=\"og:site_name\" content=\"Ecole Universitaire de Recherche en sciences &amp; technologies marines\" \/>\n<meta property=\"article:modified_time\" content=\"2022-05-27T08:18:54+00:00\" \/>\n<meta property=\"og:image\" content=\"https:\/\/isblue.fr\/wp-content\/uploads\/2022\/05\/Screenshot-from-2022-05-04-10-26-52.jpg\" \/>\n\t<meta property=\"og:image:width\" content=\"1604\" \/>\n\t<meta property=\"og:image:height\" content=\"996\" \/>\n\t<meta property=\"og:image:type\" content=\"image\/jpeg\" \/>\n<meta name=\"twitter:card\" content=\"summary_large_image\" \/>\n<meta name=\"twitter:label1\" content=\"Est. reading time\" \/>\n\t<meta name=\"twitter:data1\" content=\"8 minutes\" \/>\n<script type=\"application\/ld+json\" class=\"yoast-schema-graph\">{\"@context\":\"https:\/\/schema.org\",\"@graph\":[{\"@type\":\"WebPage\",\"@id\":\"https:\/\/isblue.fr\/en\/press-review\/\",\"url\":\"https:\/\/isblue.fr\/en\/press-review\/\",\"name\":\"Press review - Ecole Universitaire de Recherche en sciences &amp; technologies marines\",\"isPartOf\":{\"@id\":\"https:\/\/isblue.fr\/en\/#website\"},\"datePublished\":\"2022-04-26T13:37:50+00:00\",\"dateModified\":\"2022-05-27T08:18:54+00:00\",\"breadcrumb\":{\"@id\":\"https:\/\/isblue.fr\/en\/press-review\/#breadcrumb\"},\"inLanguage\":\"en-US\",\"potentialAction\":[{\"@type\":\"ReadAction\",\"target\":[\"https:\/\/isblue.fr\/en\/press-review\/\"]}]},{\"@type\":\"BreadcrumbList\",\"@id\":\"https:\/\/isblue.fr\/en\/press-review\/#breadcrumb\",\"itemListElement\":[{\"@type\":\"ListItem\",\"position\":1,\"name\":\"Home\",\"item\":\"https:\/\/isblue.fr\/en\/\"},{\"@type\":\"ListItem\",\"position\":2,\"name\":\"Press review\"}]},{\"@type\":\"WebSite\",\"@id\":\"https:\/\/isblue.fr\/en\/#website\",\"url\":\"https:\/\/isblue.fr\/en\/\",\"name\":\"Ecole Universitaire de Recherche en sciences &amp; technologies marines\",\"description\":\"Ecole Universitaire de Recherche en sciences &amp; technologies marines\",\"publisher\":{\"@id\":\"https:\/\/isblue.fr\/en\/#organization\"},\"potentialAction\":[{\"@type\":\"SearchAction\",\"target\":{\"@type\":\"EntryPoint\",\"urlTemplate\":\"https:\/\/isblue.fr\/en\/?s={search_term_string}\"},\"query-input\":\"required name=search_term_string\"}],\"inLanguage\":\"en-US\"},{\"@type\":\"Organization\",\"@id\":\"https:\/\/isblue.fr\/en\/#organization\",\"name\":\"ISblue\",\"url\":\"https:\/\/isblue.fr\/en\/\",\"logo\":{\"@type\":\"ImageObject\",\"inLanguage\":\"en-US\",\"@id\":\"https:\/\/isblue.fr\/en\/#\/schema\/logo\/image\/\",\"url\":\"https:\/\/www.isblue.fr\/wp-content\/uploads\/2020\/11\/logo.png\",\"contentUrl\":\"https:\/\/www.isblue.fr\/wp-content\/uploads\/2020\/11\/logo.png\",\"width\":367,\"height\":49,\"caption\":\"ISblue\"},\"image\":{\"@id\":\"https:\/\/isblue.fr\/en\/#\/schema\/logo\/image\/\"}}]}<\/script>\n<!-- \/ Yoast SEO plugin. -->","yoast_head_json":{"title":"Press review - Ecole Universitaire de Recherche en sciences &amp; technologies marines","robots":{"index":"index","follow":"follow","max-snippet":"max-snippet:-1","max-image-preview":"max-image-preview:large","max-video-preview":"max-video-preview:-1"},"canonical":"https:\/\/isblue.fr\/en\/press-review\/","og_locale":"en_US","og_type":"article","og_title":"Press review - Ecole Universitaire de Recherche en sciences &amp; technologies marines","og_url":"https:\/\/isblue.fr\/en\/press-review\/","og_site_name":"Ecole Universitaire de Recherche en sciences &amp; technologies marines","article_modified_time":"2022-05-27T08:18:54+00:00","og_image":[{"width":1604,"height":996,"url":"https:\/\/isblue.fr\/wp-content\/uploads\/2022\/05\/Screenshot-from-2022-05-04-10-26-52.jpg","type":"image\/jpeg"}],"twitter_card":"summary_large_image","twitter_misc":{"Est. reading time":"8 minutes"},"schema":{"@context":"https:\/\/schema.org","@graph":[{"@type":"WebPage","@id":"https:\/\/isblue.fr\/en\/press-review\/","url":"https:\/\/isblue.fr\/en\/press-review\/","name":"Press review - Ecole Universitaire de Recherche en sciences &amp; technologies marines","isPartOf":{"@id":"https:\/\/isblue.fr\/en\/#website"},"datePublished":"2022-04-26T13:37:50+00:00","dateModified":"2022-05-27T08:18:54+00:00","breadcrumb":{"@id":"https:\/\/isblue.fr\/en\/press-review\/#breadcrumb"},"inLanguage":"en-US","potentialAction":[{"@type":"ReadAction","target":["https:\/\/isblue.fr\/en\/press-review\/"]}]},{"@type":"BreadcrumbList","@id":"https:\/\/isblue.fr\/en\/press-review\/#breadcrumb","itemListElement":[{"@type":"ListItem","position":1,"name":"Home","item":"https:\/\/isblue.fr\/en\/"},{"@type":"ListItem","position":2,"name":"Press review"}]},{"@type":"WebSite","@id":"https:\/\/isblue.fr\/en\/#website","url":"https:\/\/isblue.fr\/en\/","name":"Ecole Universitaire de Recherche en sciences &amp; technologies marines","description":"Ecole Universitaire de Recherche en sciences &amp; technologies marines","publisher":{"@id":"https:\/\/isblue.fr\/en\/#organization"},"potentialAction":[{"@type":"SearchAction","target":{"@type":"EntryPoint","urlTemplate":"https:\/\/isblue.fr\/en\/?s={search_term_string}"},"query-input":"required name=search_term_string"}],"inLanguage":"en-US"},{"@type":"Organization","@id":"https:\/\/isblue.fr\/en\/#organization","name":"ISblue","url":"https:\/\/isblue.fr\/en\/","logo":{"@type":"ImageObject","inLanguage":"en-US","@id":"https:\/\/isblue.fr\/en\/#\/schema\/logo\/image\/","url":"https:\/\/www.isblue.fr\/wp-content\/uploads\/2020\/11\/logo.png","contentUrl":"https:\/\/www.isblue.fr\/wp-content\/uploads\/2020\/11\/logo.png","width":367,"height":49,"caption":"ISblue"},"image":{"@id":"https:\/\/isblue.fr\/en\/#\/schema\/logo\/image\/"}}]}},"_links":{"self":[{"href":"https:\/\/isblue.fr\/en\/wp-json\/wp\/v2\/pages\/10640"}],"collection":[{"href":"https:\/\/isblue.fr\/en\/wp-json\/wp\/v2\/pages"}],"about":[{"href":"https:\/\/isblue.fr\/en\/wp-json\/wp\/v2\/types\/page"}],"author":[{"embeddable":true,"href":"https:\/\/isblue.fr\/en\/wp-json\/wp\/v2\/users\/14"}],"replies":[{"embeddable":true,"href":"https:\/\/isblue.fr\/en\/wp-json\/wp\/v2\/comments?post=10640"}],"version-history":[{"count":3,"href":"https:\/\/isblue.fr\/en\/wp-json\/wp\/v2\/pages\/10640\/revisions"}],"predecessor-version":[{"id":10647,"href":"https:\/\/isblue.fr\/en\/wp-json\/wp\/v2\/pages\/10640\/revisions\/10647"}],"wp:featuredmedia":[{"embeddable":true,"href":"https:\/\/isblue.fr\/en\/wp-json\/wp\/v2\/media\/8383"}],"wp:attachment":[{"href":"https:\/\/isblue.fr\/en\/wp-json\/wp\/v2\/media?parent=10640"}],"curies":[{"name":"wp","href":"https:\/\/api.w.org\/{rel}","templated":true}]}}